{"id":2225,"date":"2016-11-25T14:02:44","date_gmt":"2016-11-25T14:02:44","guid":{"rendered":"http:\/\/www.rfv-huenfeld.de\/wp\/?page_id=2225"},"modified":"2018-04-17T12:24:43","modified_gmt":"2018-04-17T12:24:43","slug":"berichte-2017","status":"publish","type":"page","link":"https:\/\/www.rfv-huenfeld.de\/wp\/?page_id=2225","title":{"rendered":"Berichte 2017"},"content":{"rendered":"<p><span style=\"text-decoration: underline;\"><strong>Erfolgslisten 2017<\/strong><\/span><br \/>\nHier k\u00f6nnt Ihr die Listen der erfolgreichsten Reiter\/ Fahrer ansehen bzw. downloaden.<br \/>\n<a href=\"https:\/\/www.rfv-huenfeld.de\/wp\/wp-content\/uploads\/2018\/03\/Erfolge-2017-RFVH-sortiert-nach-Punkten-Disziplin.pdf\" target=\"_blank\" rel=\"noopener\">Erfolge-2017-RFVH-sortiert-nach-Punkten-Disziplin<br \/>\n<\/a><a href=\"https:\/\/www.rfv-huenfeld.de\/wp\/wp-content\/uploads\/2018\/03\/Erfolge-2017-RFVH-sortiert-nach-Punkten.pdf\" target=\"_blank\" rel=\"noopener\">Erfolge-2017-RFVH-sortiert-nach-Punkten<\/a><\/p>\n<p>weitere Erfolge biite nach &#8222;unten scrollen&#8220;!!!<\/p>\n<p><span style=\"text-decoration: underline;\"><strong>19.10.2017 Reitabzeichenlehrgang<br \/>\n<\/strong><\/span>Der Reit u. und Fahrverein H\u00fcnfeld veranstaltete in den Herbstferien auf der Vereinseigenen Anlage einen Abzeichenlehrgang. Ziel f\u00fcr die 26 Teilnehmer aller Altersklassen waren die Reitabzeichen zehn bis vier sowie Basis- und Reitpass und Longierabzeichen.<br \/>\nDie Reiter wurden in Gruppen entsprechend ihrer Abzeichen eingeteilt und in Theorie und Praxis von den Ausbilderinnen Verena Laufer, Miriam Kirsten und der eifrigen Helferin Marie D\u00f6rr fit gemacht f\u00fcr die anstehende Pr\u00fcfung. Alle drei gingen sehr intensiv auf die Sportler ein und freuten sich \u00fcber den Eifer, die Disziplin und die Freude im Umgang mit dem Pferd, der bei allen zu sehen war.<br \/>\nLehrgangsinhalte waren das reiterliche K\u00f6nnen im Sattel und bei der Bodenarbeit sowie in der Theorie. Schwerpunktthemen waren unter anderem Krankheiten, Verhaltensregeln im Stall, Tierschutz, Verhalten im Stra\u00dfenverkehr und der richtige Einstieg in den Turniersport. An den beiden Pr\u00fcfungstagen waren alle gut vorbereitet und bereit, sich den Argusaugen der beiden Richter Andrea Herzig und Frank-Peter Fil\u00df zu stellen. Alle Sch\u00fcler bestanden ihre Pr\u00fcfung und konnten nach einer aufregenden Woche gl\u00fccklich ihre Urkunden und Anstecknadeln entgegennehmen.<\/p>\n<p><span style=\"text-decoration: underline;\"><em>Es bestanden:<\/em><\/span><br \/>\nReitabzeichen 4: Milena Laun, Miriam Kirsten.<br \/>\nRA 5: Judith G\u00fcnther, Janine B\u00fcrgermeister, Anna Moazzeni.<br \/>\nRA 6: Helen Stupp, Vivianne Pomnitz, Laura Balzer, Sue Ann Ungar, Xenia Pospiech, Laura Moazzeni, Jessica Kirsten, Janine R\u00fcppner, Josephine Ungar.<br \/>\nRA 8: Laura Grimm, Violetta Horn.<br \/>\nRA 9: Sarah Koch, Hannah Herbold, Lina Kalb.<br \/>\nRA 10: Nala Moazzeni. Reitpass: Miriam Kirsten, Marie D\u00f6rr.<br \/>\nLongierabzeichen 5: Franziska Kirsten, Marie D\u00f6rr. Basispass: Daniela Lenk, Lisa Seiffert, Jasmin Seiffert, Anna und Laura Moazzeni, Sue Ann und Josephine Ungar, Xenia Pospiech, Jessica Kirsten, Janine R\u00fcppner.<\/p>\n<p><a href=\"https:\/\/www.rfv-huenfeld.de\/wp\/wp-content\/uploads\/2016\/11\/Abzeichenlehrgang-2017.jpg\" target=\"_blank\" rel=\"noopener\"><img loading=\"lazy\" decoding=\"async\" class=\"alignnone wp-image-2659 size-medium\" src=\"https:\/\/www.rfv-huenfeld.de\/wp\/wp-content\/uploads\/2016\/11\/Abzeichenlehrgang-2017-300x200.jpg\" alt=\"\" width=\"300\" height=\"200\" srcset=\"https:\/\/www.rfv-huenfeld.de\/wp\/wp-content\/uploads\/2016\/11\/Abzeichenlehrgang-2017-300x200.jpg 300w, https:\/\/www.rfv-huenfeld.de\/wp\/wp-content\/uploads\/2016\/11\/Abzeichenlehrgang-2017-768x512.jpg 768w, https:\/\/www.rfv-huenfeld.de\/wp\/wp-content\/uploads\/2016\/11\/Abzeichenlehrgang-2017-1024x683.jpg 1024w\" sizes=\"auto, (max-width: 300px) 100vw, 300px\" \/><\/a><\/p>\n<p>&nbsp;<\/p>\n<p><span style=\"text-decoration: underline;\"><strong>8.10.2017 &#8222;vereinsinternes Turnier -Jugend f\u00fcr Jugend-<br \/>\n<\/strong><\/span>Hier ein paar Fotos:<br \/>\n[album id=20 template=extend]<\/p>\n<p>Nicht nur im Sattel, sondern auch bei der Organisation eines Turnieres ist die Jugend des RFV H\u00fcnfeld gefordert \u2013 denn: man kann nicht fr\u00fch genug anfangen, den Nachwuchs in das Vereinsleben zu integrieren. Nachdem die jungen Menschen im Sommer eine eigene Jugendkasse gegr\u00fcndet und auf unserem gro\u00dfen Turnier in Eigenregie f\u00fcr eine ordentliche Geldeinnahme mit dem Verkauf von S\u00fc\u00dfigkeiten und Popcorn erzielt haben, stand eine neue Herausforderung an: Die Organisation eines kleinen Turniers \u201eJugend f\u00fcr Jugend\u201c.<\/p>\n<p>Und auch das gelang den Jugendlichen, die dabei im Vorfeld viel Organisationsarbeit leisten mussten. Auch am Veranstaltungstag hatten sie alle H\u00e4nde voll zu tun und freuten sich \u00fcber die Unterst\u00fctzung einiger Erwachsener, die die Aufgaben gerne \u00fcbernahmen. Neben dem Sport gab es ein reichhaltiges Kuchenbuffet, W\u00fcrstchen vom Grill und gek\u00fchlte Getr\u00e4nke.<br \/>\nAuf dem Programm standen zun\u00e4chst zwei Reiterwettbewerbe und eine F\u00fchrz\u00fcgelklasse vorwiegend f\u00fcr die Reitsch\u00fcler des Vereins, die mit den Schulpferden ordentliche Leistungen erreichten. Ein H\u00f6hepunkt waren der Fun-Trail und das Jump and Run \u2013 in beiden Pr\u00fcfungen hatten alle viel Spa\u00df und wurden vom Publikum angefeuert. \u201eDas Turnier hat viel dazu beigetragen, dass der Zusammenhalt im Stall und Verein gef\u00f6rdert wurde, dazu gab es Spannung gepaart mit sportlichem Ehrgeiz. Der Teamgeist stand aber ganz klar im Vordergrund\u201c, freute sich der Vorsitzende Christoph Kiel.<\/p>\n<p>Federf\u00fchrend f\u00fcr die Organisation stand Miriam Kirsten mit ihrem Team an vorderster Front und durch das Programm f\u00fchrte die gute Fee des RFV H\u00fcnfeld, Verena Laufer.<\/p>\n<p><strong>PFG 1, F\u00fchrz\u00fcgelwettbewerb<\/strong><br \/>\n1. Hannah Waider mit Kiowa mit 7,6<br \/>\n2. Nala Moazzeni mit Kevin mit 7,5<br \/>\n3. Madeline Klier mit Emmily mit 7,3<br \/>\n4. Marie Dittrich mit Kiowa mit 7,2<br \/>\n5. Tabea Reichert mit Emmily mit 7,0<br \/>\n5. Isabell Schreiner mit Cindy<\/p>\n<p><strong>PFG 2, Reiterwettbewerb Schritt- Trab<\/strong><br \/>\n1. Sina Grosch mit Sirius<br \/>\n2. Marlies Klamt mit Kiowa<br \/>\n3. Leonie Felix mit Dusty<\/p>\n<p><strong>PFG 3, Reiterwettbewerb Schritt- Trab- Galopp<\/strong><br \/>\n1. Sarah Eisele mit 7,8<br \/>\n2. Laura Grimm mit 7,6<br \/>\n3. Violetta Horn mit 7,4<br \/>\n4. Teresa Schwab mit 7,0<br \/>\n5. Patrica Zimmermann mit 6,9<br \/>\n6. Hannah Herbold mit 6,8<br \/>\n7. Carla M\u00fcller mit 6,7<br \/>\n8. Sophie Mawick mit 6,6<br \/>\n8. Justus Laibach mit 6,6<\/p>\n<p><strong>PFG 4, Dressurreiterwettbewerb \u00dc18<\/strong><br \/>\n1. Petra Goischke mit Filou mit 7,6<br \/>\n2. Jasmin Seiffert mit Lotte mit 7,4<br \/>\n3. Natalie Heum\u00fcller mit Stolly mit 7,3<br \/>\n4. Franziska Kirsten mit Nikita mit 7,2<br \/>\n5. Rica Schneider mit Kiowa mit 7,1<br \/>\n6. Michael Kirsten mit Lotte mit 7,0<br \/>\n6. Lisa Seiffert mit Stolly mit 7,0<br \/>\n8. Daniela Lenk mit Valentino mit 6,7<\/p>\n<p><strong>PFG 5, Fun- Trail<\/strong><br \/>\n1. Michael Kirsten mit Lotte<br \/>\n2. Janine B\u00fcrgermeister mit Lotte<br \/>\n3. Xenia Pospiech mit Lotte<br \/>\n4. Laura Balzer mit Stolly<br \/>\n5. Sue Ann Ungar mit Sirius<br \/>\n6. Laura Moazzenie mit Kevin<br \/>\n7. Josephine Ungar mit Emmily<br \/>\n8. Franziska Kirsten mit Nikita<br \/>\n9. Jessica Kirsten mit Nikita<br \/>\n10. Jessica Weber mit Waldstar<br \/>\n11. Anna Moazzenie mit Kallimero<br \/>\n12. Janine R\u00fcppner mit Sirius<br \/>\n13. Marlies Klamt mit Kiowa<br \/>\n13. Justus Laibach mit Dusty<br \/>\n15. Sarah Eisele mit Emmily<\/p>\n<p><strong>PFG 6, Jump &amp; Run<\/strong><br \/>\n1. \u201eOpfaaaa &amp; Co\u201c mit Sue Ann Ungar mit Lotte und Xenia Pospiech<br \/>\n2. \u201eDie Spasties\u201c mit Jessica Kirsten mit Dusty und Janine R\u00fcppner<br \/>\n2. \u201eDer gestiefelte Muskelkater\u201c mit Janine B\u00fcrgermeister mit Stolly und Laura Balzer<br \/>\n3. \u201eSister Act\u201c mit Anna Moazzenie mit Kevin und Laura Moazzenie<br \/>\n4. \u201eThe Fast &amp; The Furious\u201c mit Josephine Ungar mit Lotte und Janine B\u00fcrgermeister<br \/>\n5. \u201eDie Pummeleinh\u00f6rner\u201c mit Xenia Pospiech mit Nikita und Jessica Kirsten<br \/>\n6. \u201eDie Waldgeister\u201c mit . Jessica Weber mit Waldstar und Luca Weidecker<br \/>\n7. \u201eDie Wadenkr\u00e4mpfe\u201c mit Laura Balzer mit Emmily und Josephine Ungar<br \/>\n8. \u201eVerschlumpft und zugen\u00e4ht\u201c mit Laura Moazzenie mit Kallimero und Anna Moazzenie<br \/>\n9. \u201e6 Beine f\u00fcr ein Halleluja\u201c mit Janine R\u00fcpper mit Dusty und Sue Ann Ungar<\/p>\n<p>&nbsp;<\/p>\n<p><span style=\"text-decoration: underline;\"><strong>22.08.2017 Nachbericht Vielseitigkeitsturnier 19-20-08-2017 H\u00fcnfelder Zeitung<\/strong><\/span><\/p>\n<p><a href=\"https:\/\/www.rfv-huenfeld.de\/wp\/wp-content\/uploads\/2017\/08\/20170822-Nachbericht-FZ-HZ-Turnier-19-20-08-2017-Vielseitigkeit.pdf\" target=\"_blank\" rel=\"noopener\">20170822-Nachbericht-FZ-HZ-Turnier-19-20-08-2017-Vielseitigkeit<\/a><\/p>\n<p><span style=\"text-decoration: underline;\"><strong>16.08.2017 Nachbericht Turnier 11-13-08-2017 Marktkorb am Mittwoch<\/strong><\/span><\/p>\n<p><a href=\"https:\/\/www.rfv-huenfeld.de\/wp\/wp-content\/uploads\/2017\/08\/20170816-MK-bearbeitet-ck.pdf\" target=\"_blank\" rel=\"noopener\">20170816-MK-bearbeitet-ck<\/a><\/p>\n<p><span style=\"text-decoration: underline;\"><strong>15.08.2017 Nachbericht Turnier 11-13-08-2017 H\u00fcnfelder Zeitung<\/strong><\/span><\/p>\n<p><a href=\"https:\/\/www.rfv-huenfeld.de\/wp\/wp-content\/uploads\/2017\/08\/20170815-Nachbericht-FZ-HZ-Turnier-11-13-08-2017.pdf\" target=\"_blank\" rel=\"noopener\">20170815-Nachbericht-FZ-HZ-Turnier-11-13-08-2017<\/a><\/p>\n<p><span style=\"text-decoration: underline;\"><strong>11.08.2017 Vorbericht Turnier 11-13-08-2017 H\u00fcnfelder Zeitung<\/strong><\/span><\/p>\n<p><a href=\"https:\/\/www.rfv-huenfeld.de\/wp\/wp-content\/uploads\/2017\/08\/20170811-Vorbericht-HZ-FZ-Turnier-11-13-08-2017.pdf\" target=\"_blank\" rel=\"noopener\">20170811-Vorbericht-HZ-FZ-Turnier-11-13-08-2017<\/a><\/p>\n<p><span style=\"text-decoration: underline;\"><strong>09.08.2017 Vorbericht Turniere 2017 im Marktkorb am Mittwoch<\/strong><\/span><\/p>\n<p><a href=\"https:\/\/www.rfv-huenfeld.de\/wp\/wp-content\/uploads\/2016\/11\/Vorbereicht-Turniere-Marktkorb-20170809.pdf\" target=\"_blank\" rel=\"noopener\">Vorbereicht-Turniere-Marktkorb-20170809<\/a><\/p>\n<p><span style=\"text-decoration: underline;\"><strong>30.07.2017 Miriam Kirsten &#8211; Trainer Assistent<br \/>\n<\/strong><\/span>Miriam Kirsten legte erolgreich die Pr\u00fcfung zum Trainer Assistenten im Reitsport ab. Sie ist nun berechtigt, unter Aufsicht eines Trainer C selbstst\u00e4ndig Reitunterricht zu erteilen. Dies tut sie, um den RFV H\u00fcnfeld beim Voltigier-Unterricht zu unterst\u00fctzen. Sie hat viel Spa\u00df daran und freut sich schon auf ihre neue Aufgaben.<br \/>\nDer Lehrgang war sehr interessant, man hat auch einmal \u00fcber den Tellerrand geblickt, freut sich die 18-j\u00e4hrige, die im n\u00e4chsten Jahr das Abitur ablegen m\u00f6chte.<\/p>\n<p><a href=\"https:\/\/www.rfv-huenfeld.de\/wp\/wp-content\/uploads\/2016\/11\/Miriam_kirsten-20170814.jpg\"><img loading=\"lazy\" decoding=\"async\" class=\"size-medium wp-image-2516 alignnone\" src=\"https:\/\/www.rfv-huenfeld.de\/wp\/wp-content\/uploads\/2016\/11\/Miriam_kirsten-20170814-300x199.jpg\" alt=\"\" width=\"300\" height=\"199\" srcset=\"https:\/\/www.rfv-huenfeld.de\/wp\/wp-content\/uploads\/2016\/11\/Miriam_kirsten-20170814-300x199.jpg 300w, https:\/\/www.rfv-huenfeld.de\/wp\/wp-content\/uploads\/2016\/11\/Miriam_kirsten-20170814-768x509.jpg 768w, https:\/\/www.rfv-huenfeld.de\/wp\/wp-content\/uploads\/2016\/11\/Miriam_kirsten-20170814-1024x678.jpg 1024w\" sizes=\"auto, (max-width: 300px) 100vw, 300px\" \/><\/a><\/p>\n<p>&nbsp;<\/p>\n<p>&nbsp;<\/p>\n<p><span style=\"text-decoration: underline;\"><strong>09.04.2017 4. Qualifikation Jugendcup 2017 in Flieden<\/strong><\/span><br \/>\n<a href=\"https:\/\/www.rfv-huenfeld.de\/wp\/wp-content\/uploads\/2016\/11\/KBK_0161.jpg\"><img loading=\"lazy\" decoding=\"async\" class=\"size-medium wp-image-2306 alignnone\" src=\"https:\/\/www.rfv-huenfeld.de\/wp\/wp-content\/uploads\/2016\/11\/KBK_0161-300x225.jpg\" alt=\"\" width=\"300\" height=\"225\" srcset=\"https:\/\/www.rfv-huenfeld.de\/wp\/wp-content\/uploads\/2016\/11\/KBK_0161-300x225.jpg 300w, https:\/\/www.rfv-huenfeld.de\/wp\/wp-content\/uploads\/2016\/11\/KBK_0161-768x576.jpg 768w, https:\/\/www.rfv-huenfeld.de\/wp\/wp-content\/uploads\/2016\/11\/KBK_0161-1024x768.jpg 1024w, https:\/\/www.rfv-huenfeld.de\/wp\/wp-content\/uploads\/2016\/11\/KBK_0161.jpg 1600w\" sizes=\"auto, (max-width: 300px) 100vw, 300px\" \/><\/a><\/p>\n<p>&nbsp;<\/p>\n<p>&nbsp;<\/p>\n<p>&nbsp;<\/p>\n<p>&nbsp;<\/p>\n<p>&nbsp;<\/p>\n<p>&nbsp;<\/p>\n<p>&nbsp;<\/p>\n<p>&nbsp;<\/p>\n<p>Hier k\u00f6nnt Ihr den Pressetext aus der H\u00fcnfelder Zeitung vom 11-04-2017 nachlesen:<br \/>\n<a href=\"https:\/\/www.rfv-huenfeld.de\/wp\/wp-content\/uploads\/2016\/11\/20170411-Jugendcup-HuenfelderZeitung.pdf\" target=\"_blank\" rel=\"noopener\">20170411- Jugendcup-HuenfelderZeitung<\/a><\/p>\n<p>&nbsp;<\/p>\n<p><span style=\"text-decoration: underline;\"><strong>31.03.2017 Jahreshauptversammlung<\/strong><\/span><\/p>\n<p>Neuwahlen des Vorstands und die Jahresberichtet waren die H\u00f6hepunkte der Jahreshauptversammlung des RFV H\u00fcnfeld, dem \u00e4ltesten und gr\u00f6\u00dften Verein im Kreisreiterbund Fulda. Nach vielen Jahren Vorstandsarbeit trat der Vorsitzende Dr. Klaus Martin jedoch zur Wiederwahl nicht mehr an.<br \/>\nIn seinem Bericht blickte der Vorsitzende auf die Anf\u00e4nge des 1948 gegr\u00fcndeten Vereins zur\u00fcck sowie auf die \u00fcberregionalen Erfolge der Turniersportler . Hier vertreten unter anderem Hessenmeister Dennis Hiller und die Nordhessenmeister Kristina Bauch und Andreas Gutberlet stellvertretend f\u00fcr viele andere den Verein nach au\u00dfen hin. Drei gro\u00dfe Turniere sowie vier interessante Lehrg\u00e4nge pr\u00e4gten das Vereinsjahr. Dazu wurden in den vergangenen Jahren gr\u00f6\u00dfere Anschaffungen f\u00fcr die vereinseigene Reitanlage get\u00e4tigt.<br \/>\nEs folgte der Bericht der Jugendwartin Elke Fichtinger, die zun\u00e4chst auf die traditionelle Schleifentafel hinwies: Je einen Sack M\u00f6hren erhielten die Besitzer der erfolgreichen Pferde Assini, Nikita und Cooper. Sie hob den Jugendcup besonders hervor und verlas anschlie\u00dfend die Erfolgslisten, bei denen die Springreiterin Hannah Heinle, der Fahrsportler Dennis Hiller und die Dressurreiterin Martha Grauel Spitzenleistungen erbracht haben. In seinem Turnierbericht ging Turnierwart Christian Laufer auf die Europameisterschaften der Paso Finos, das mittlerweile etablierte Vielseitigkeitsturnier und das gro\u00dfe Traditionsturnier ein, die die H\u00f6hepunkte des Vereinsjahres darstellten. F\u00fcr 2017 seien wieder zwei gro\u00dfe Veranstaltungen in Planung.<br \/>\nDer Gesch\u00e4ftsf\u00fchrer Matthias Pappert berichtete \u00fcber die Mitgliederentwicklung, die nun mit 272 einen hohen Stand erreicht habe. Ebenfalls habe sich das Therapeutische Reiten und der Reitunterricht sehr gut entwickelt, sodass das Jahr 2016 als erfolgreiches und gutes Jahr abgeschlossen werden konnte. \u00dcber das positive Ergebnis berichtete Kassenwart Thomas Stupp im Einzelnen, was die drei Kassenpr\u00fcfer Klaus Uth, Thomas Wehner und Hanns-Hellmuth Malkmus best\u00e4tigten. Bei den Vorstandswahlen wurde Christoph Kiel, der dem Verein als stellvertretender Vorsitzender mittlerweile 14 Jahre angeh\u00f6rt hat, zum neuen Vorsitzenden gew\u00e4hlt. Neu im Vorstand ist Dennis Hiller als Sportwart und Ann-Kathrin Diez, die als Gesch\u00e4ftsf\u00fchrerin Matthias Pappert abl\u00f6st, der nun das Amt des stellvertretenden Vorsitzenden \u00fcbernimmt.<\/p>\n<p><strong>Der Vorstand:<\/strong><br \/>\nVorsitzender: Christoph Kiel<br \/>\nStellvertreter: Matthias Pappert<br \/>\nGesch\u00e4ftsf\u00fchrerin: Ann-Kathrin Diez<br \/>\nKassenwart: Thomas Stupp<br \/>\nTurnierwart: Christian Laufer<br \/>\nSportwart: Dennis Hiller<br \/>\nJugendwartin: Elke Fichtinger<br \/>\nBreitensportwart: Jan Drinnenberg<br \/>\nPressewartin: Barbara Kiel<br \/>\nBeisitzer: Werner Eichler, Ernst Malkmus<\/p>\n<p><a href=\"https:\/\/www.rfv-huenfeld.de\/wp\/wp-content\/uploads\/2016\/11\/Pressebericht-HuenfelderZeitung-20170404-erweitert.pdf\" target=\"_blank\" rel=\"noopener\">Pressebericht-HuenfelderZeitung-20170404-erweitert<\/a><\/p>\n<p><strong>Urgestein tritt ab \/ Standing Ovations<\/strong><br \/>\nBei der Jahreshauptversammlung des RFV H\u00fcnfeld erkl\u00e4rte der langj\u00e4hrige Vorsitzende Dr.Klaus Martin, dass er f\u00fcr eine Wiederwahl nicht mehr zur Verf\u00fcgung stehe. Damit tritt ein Urgestein des Pferdesportes von der gro\u00dfen B\u00fchne ab. Nach 24 Jahren als Erster Vorsitzender und zuvor acht Jahren als Stellvertreter gebe er nun das Zepter in die H\u00e4nde j\u00fcngerer Kr\u00e4fte im Vorstand weiter. \u201eDer Verein hat mir viel gegeben und einen gro\u00dfen Teil meines Lebens gepr\u00e4gt\u201c, so der 72-j\u00e4hrige in seiner Abschiedsrede, f\u00fcr die er von den Mitgliedern \u201eStanding Ovations\u201c erhielt. Sehr bewegt bedankte sich der Tr\u00e4ger des Ehrenbriefes des Landes Hessen und der Verbandsehrennadel in Silber bei seinen Vorstandskollegen, der Stadt H\u00fcnfeld, dem Pferdesportverband und Kreisreiterbund sowie den Vereinsmitgliedern und \u2013mitarbeiterinnen. Doch so ganz will Martin, der ebenfalls 13 Jahre als Vorsitzender des Kreisreiterbundes Fulda eingesetzt war, nicht gehen: \u201eIch bin da und helfe\u201c betonte er bei der \u00dcbergabe des Abschiedsgeschenkes und einer Ehrenurkunde durch den neuen Vorsitzenden Christoph Kiel. Gleichzeitig wurde Dr. Klaus Martin der Ehrenvorsitz beim RFV H\u00fcnfeld verliehen.<\/p>\n<p>&nbsp;<\/p>\n<p><span style=\"text-decoration: underline;\"><strong>24.03. \u2013 26.03.2017 Dressurlehrgang mit Friedelinde Kohl<\/strong><\/span><br \/>\nDressurlehrgang zur Vorbereitung auf die kommende Saison. Der Lehrgang war offen f\u00fcr alle Klassen und besonders interessant f\u00fcr Reiter und Reiterinnen die in der kommenden Turniersaison eine Klasse h\u00f6her starten wollen.<br \/>\nDanken m\u00f6chten wir an dieser Stelle Frau Friedlinde Kohl f\u00fcr den sehr guten Dressurlehrgang. F\u00fcr die Organisation vor und w\u00e4hrend des Lehrganges m\u00f6chten wir uns nat\u00fcrlich auch bei Verena Laufer und Ihrem Team recht herzlich bedanken\u2026.es hat mal wieder an nichts gefehlt.<br \/>\n<u>Teilnehmer:<\/u><br \/>\n<em>Br\u00e4hler, Michaela \/ Goischke, Petra \/ Grauel, Martha \/ Heum\u00fcller, Nathalie \/ H\u00f6hler, Marie \/ Kirsten, Miriam \/ Klinkert, Kornelia \/ Laufer, Verena \/ Lenk, Daniela \/ Moazzini, Anna \/ Rohrbeck, Susanne und \u00a0Spiegel, Sarah<br \/>\n<\/em><\/p>\n<p><em>Hier ein paar Fotos:<br \/>\n[nggallery id=36]<br \/>\n<\/em><\/p>\n<p><span style=\"text-decoration: underline;\"><strong>18.03. \u2013 19.03.2017 Springlehrgang mit Georg-Christoph B\u00f6dicker<\/strong><\/span><br \/>\nSpringlehrgang zur Vorbereitung auf die kommende Saison. Der Lehrgang war f\u00fcr alle Klassen und besonders interessant f\u00fcr Reiter und Reiterinnen, die in der kommenden Turniersaison eine Klasse h\u00f6her starten wollen.<br \/>\nDanken m\u00f6chten wir an dieser Stelle Herrn Georg- Christoph B\u00f6dicker f\u00fcr den sehr guten Springlehrgang. F\u00fcr die Organisation vor und w\u00e4hrend des Lehrganges m\u00f6chten wir uns nat\u00fcrlich auch bei Elke Fichtinger und Ihrem Team recht herzlich bedanken\u2026.es hat mal wieder an nichts gefehlt.<br \/>\n<u>Teilnehmer:<\/u><br \/>\n<em>Lisa Balduff, Alexandra B\u00f6hm, Anka Dethof, Fabienne Fey, Emely Fey, Luca Fichtinger, Daniela Kircher, Miriam Kirsten, Verena Laufer, Jana Malkmus, Laura Malkmus, Anne Moazzine, Rebecca Schmitt und Saskia Schott<\/em><\/p>\n<p>Hier ein paar Fotos:<br \/>\n[nggallery id=35]<\/p>\n<p><span style=\"text-decoration: underline;\"><strong>12.03.2017 Jugendcup 2017 in H\u00fcnfeld<\/strong><\/span><\/p>\n<p>Am Sonntag fand der 2. Wettbewerb des diesj\u00e4hrigen Jugendcup 2017 der Pferdesport- Regional- Verb\u00e4nde Kurhessen- Waldeck und Hessen- Nassau mit Unterst\u00fctzung vom KRB Fulda statt. 4 Mannschaften sind in diesem Jahr am Start. Jede teilnehmende Mannschaft ist einmal Gastgeber. Sie stellt die Pferde sowie die Halle zur Verf\u00fcgung. Alle Mannschaften reiten dieselben Pferde. Unter den geschulten Augen von Richterin Renate Kohrock mussten die Teilnehmerinnen das dressurm\u00e4\u00dfige Reiten entsprechend den Anforderungen eines Reiterwettbewerbes unter besonderer Ber\u00fccksichtigung von Sitz (Losgelassenheit und Balance) und Einwirkung des Reiters (gem. WBO) vorf\u00fchren. Im Anschlu\u00df folgte noch eine Theoriepr\u00fcfung. H\u00fcnfeld belegte mit 170,5 Pkt. den 1. Platz. Dicht gefolgt auf den 2. Platz kamen die Reiterinnen vom Hof Optimist mit 169,5 Pkt. Den 3. Platz belegte die Mannschaft aus Flieden- Berishof mit 168,5 Pkt. Mit 166,5 Pkt. konnten sich die Reitsch\u00fclerinnen um Yvonne Sch\u00f6n aus Eiterfeld den 4. Platz sichern. Es gratulierten zum Sieg und zu den Platzierungen Frau Renate Kohrock (Richterin), Herr Dr. Klaus Martin (Vorsitzender RFV H\u00fcnfeld) sowie Frau Karin Schweder (Vorstandsmitglied vom KRB Fulda).<br \/>\nF\u00fcr H\u00fcnfeld gingen an den Start: Jessica Kirsten, Janine R\u00fcppner, Janine B\u00fcrgermeister und Josephine Ungar. Trainiert und betreut wurden die M\u00e4dels von Verena Laufer.<br \/>\nBei herrlichem Sonnenschein konnten wir unsere G\u00e4ste mit belegten Br\u00f6tchen, leckeren Kuchen und frischen Bratw\u00fcrstchen sowie kalt- und warmen Getr\u00e4nken bewirten. Alle Teilnehmer hatten einen sehr sch\u00f6nen Tag bei uns auf der Anlage. Nun heisst es weiter trainieren und sich auf die beiden kommenden Veranstaltungen gut vorzubereiten. Wir w\u00fcnschen allen Teilnehmern viel Erfolg.<\/p>\n<p>Hier der Pressebericht aus der H\u00fcnfelder Zeitung: <a href=\"https:\/\/www.rfv-huenfeld.de\/wp\/wp-content\/uploads\/2016\/11\/20170317-Jugendcup-HuenfelderZeitung.pdf\" target=\"_blank\" rel=\"noopener\">20170317- Jugendcup-HuenfelderZeitung<\/a><\/p>\n<p>Hier ein paar Fotos:<br \/>\n[album id=18 template=extend]<\/p>\n<p><span style=\"text-decoration: underline;\"><strong>23.02.2017 Geburtstag von Christian Laufer<\/strong><\/span><br \/>\nAm Donnerstag, den 23-02-2017 wurde unser Turnierwart 60 Jahre. Anl\u00e4sslich diesen runden Geburtstages lud Christian in die Reithalle ein. Verena hatte eine kleine Quadrille f\u00fcr Christian vorbereitet und auch eine Abordnung vom RFV H\u00fcnfeld und der Vorstand gratulierten Ihm recht herzlich. Danach wurde bei gutem Essen und Trinken recht ordentlich gefeiert.<\/p>\n<p>Hier ein paar Fotos:<br \/>\n[album id=17 template=extend]<\/p>\n<p><strong><u>14.01.2017 Winterrallye im Reitstall H\u00fcnfeld<br \/>\n<\/u><\/strong>Ganz im Zeichen des Winters stand die \u201eWinter- Rallye\u201c, die der Reit- und Fahrverein H\u00fcnfeld am Samstag, den 14. Januar 2017 veranstaltet hat.<br \/>\nDie Reiterspiele zum Start ins Neue Jahr waren f\u00fcr junge Reitsportler und solche, die es werden wollen, im Alter von 8 bis 16 Jahren vorgesehen.<br \/>\nZuschauer und G\u00e4ste waren ebenfalls zahlreich erschienen, um die Teilnehmergruppen der kleinen Team- Wettbewerbe wie Schneeballschlacht, Weihnachtsbaum abschm\u00fccken oder Adventskalender leeren, mit lauten Zurufen und Applaus zu unterst\u00fctzen\u2026.<br \/>\nNach der Rallye wurde der Tag gemeinsam am Lagerfeuer mit kalten und hei\u00dfen Getr\u00e4nken, Kuchen, W\u00fcrstchen, Stockbrot und Marsh- Mallows gem\u00fctlich beendet.<\/p>\n<p>Hier noch der Flyer der Veranstaltung: <a href=\"https:\/\/www.rfv-huenfeld.de\/wp\/wp-content\/uploads\/2016\/11\/Flyer-Winterrallye-20170114.pdf\" target=\"_blank\" rel=\"noopener\">Flyer-Winterrallye-20170114<\/a><\/p>\n<p>Weiterhin noch ein paar Bilder von Jana Malkmus und Daniela Lenk: [album id=16 template=extend]<\/p>\n<p>&nbsp;<\/p>\n<p><span style=\"text-decoration: underline; font-size: 14pt;\"><strong>ERFOLGE 2017<\/strong><\/span><\/p>\n<p><strong>SCH\u00dcLER-AUSBILDER-CUP 2017 IGV Hessen<br \/>\n<\/strong>Zur F\u00f6rderung des Nachwuchses jeder Altersklasse, sind wir (der IGV Hessen) auf Trainer und Ausbilder angewiesen, die ihr Wissen sowie ihre Leidenschaft f\u00fcr den Sport an ihre Sch\u00fcler weiter transportieren. F\u00fcr diese Zielgruppe hat der IGV Hessen ein Wettbewerbs- Konzept entwickelt von dem der IGV Hessen erhofft, dass es Ausbilder zu dem Schritt motiviert, ihren Sch\u00fclern den Vielseitigkeitssport nahezubringen.<\/p>\n<p><strong> 1. Platz<br \/>\n<\/strong>Marie Doerr mit Stolly Coeur<br \/>\nTrainerin Verena Laufer<\/p>\n<p>Nieder-Waroldern 21,5 Punkte (D 7,5\/S7,2\/G 6,8)<br \/>\nH\u00fcnfeld 21,1 Punkte (D7,8\/S7,3\/G6,0)<br \/>\nWeilburg-Drommershausen 23,0 Punkte (D7,6\/S7,0\/G8,4)<br \/>\nBimbach 20,3 Punkte (D6,7\/S6,9\/G6,7) Streichergebnis<br \/>\n<strong>Total: 65,6 Punkte<\/strong><\/p>\n<p><strong>Kreismeister KRB Fulda 2017<\/strong><\/p>\n<p><strong> Springen:<\/strong><br \/>\n<strong>LK 3:<\/strong><br \/>\n1. Anne Gutberlet<br \/>\n3. Kristina Bauch<br \/>\n<strong>LK 5:<\/strong><br \/>\n1. Marie-Jeanette Bauch<br \/>\n2. Jonathan Marquardt<\/p>\n<p><strong>Vielseitigkeit:<br \/>\nLK 4\/5:<br \/>\n<\/strong>1. Jonathan Marquardt<br \/>\n<strong>LK 6:<br \/>\n<\/strong>2. Miriam Kirsten<strong><br \/>\nLK 0:<\/strong><br \/>\n1. Jessica Weber<br \/>\n3. Marie D\u00f6rr<\/p>\n<p><strong>Fahren:<br \/>\n<\/strong><strong>Zweisp\u00e4nner Pferd:<br \/>\n<\/strong>1. Benny Reuter<br \/>\n<strong>Zweisp\u00e4nner Pony:<br \/>\n<\/strong>1. Dennis Hiller<br \/>\n<strong>Einsp\u00e4nner Pferd:<br \/>\n<\/strong>1. Sabine Schwaiger<br \/>\n<strong>Einsp\u00e4nner Pony:<br \/>\n<\/strong>1. Martha Grauel<\/p>\n<p><strong>Jugend:<br \/>\nLK 6:<br \/>\n<\/strong>3. Miriam Kirsten<\/p>\n<p>&nbsp;<\/p>\n<p><strong>43. KW 2017<\/strong><\/p>\n<p><strong>28.-29.10.2017 Klein- Auheim, Halle<\/strong><br \/>\n<strong>PFG. 12, Springpferdepr\u00fcfung Kl.A*<\/strong><br \/>\n1. Schneemann, Lars mit Captain Sharky mit 7,8<br \/>\n2. Schneemann, Lars mit E-Quadra mit 7,6<\/p>\n<p>&nbsp;<\/p>\n<p><strong>39.\/40. KW 2017<\/strong><\/p>\n<p><strong>30.09. + 01.10. + 03.10.2017 Haunetal, Fulda<\/strong><\/p>\n<p><strong>PFG. 18 Komb. Dre.\/Spr.-Prfg.Kl.A<\/strong><br \/>\n4. Marquardt,Jonathan mit Titan mit 14,60<\/p>\n<p><strong>PFG. 8 Stilspringpr\u00fcfung Kl.A*<\/strong><br \/>\n1. Abteilung<br \/>\n2. Bauch, Marie-Jeanette mit Calippo mit 7,4<br \/>\n2. Abteilung<br \/>\n5. Marquardt,Jonathan mit Titan mit 7,0<\/p>\n<p><strong>PFG. 6 Springpr\u00fcfung Kl.L &#8211; geschlossen<\/strong><br \/>\n<em>1. Abteilung<\/em><br \/>\n3. Gutberlet, Andreas mit Carlos mit 40,79<br \/>\n5. Gutberlet, Andreas mit Dialetto mit 47,23<br \/>\n<em>2. Abteilung<\/em><br \/>\n3. Bauch, Kristina mit Boulder mit 41,54<\/p>\n<p><strong>PFG. 21 Springreiter- WB<\/strong><br \/>\n1. N\u00fcdling, Isabell mit Coer de Lion mit 7,6<br \/>\n4. Boldt, Mervi mit Vivaldi&#8217;s Diamond mit 6,7<\/p>\n<p><strong>PFG. 11 Mannsch.-Springprfg.Kl.A*<\/strong><br \/>\n1. Winner Winner Chickendinner<br \/>\nmit Bauch, Marie-Jeanette mit Calippo mit 34,00<\/p>\n<p><strong>PFG. 2 Punktespringpr\u00fcfung Kl.M*<\/strong><br \/>\n<em>1. Abteilung<\/em><br \/>\n4. Bauch, Kristina mit Boulder mit 41,54<br \/>\n<em>2. Abteilung<\/em><br \/>\n2. Gutberlet, Andreas mit Cosmos mit 48,40<\/p>\n<p><strong>PFG. 9 Springpr\u00fcfung Kl. A**<\/strong><br \/>\n4. Marquardt,Jonathan mit Diamant mit 41,49<br \/>\n7. Aschenbach, Fraucke mit Calia mit 45,42<br \/>\n10. Marquardt,Jonathan mit Titan mit 47,60<\/p>\n<p><strong>PFG. 10 Springpr\u00fcfung Kl. A** &#8211; geschlossen<\/strong><br \/>\n9. Gutberlet, Andreas mit Leckomio mit 43,75<\/p>\n<p><strong>PFG. 4 Springpr\u00fcfung Kl.L<\/strong><br \/>\n<em>1. Abteilung<\/em><br \/>\n3. Gutberlet, Anne mit Abby mit 44,82<\/p>\n<p><strong>PFG. 3 Stilspringprfg.Kl.M* m.St. f\u00fcr Amateure<\/strong><br \/>\n1. Bauch, Kristina mit Boulder mit 0\/38,55<\/p>\n<p><strong>PFG. 20 Stilspring-WB &#8211; ohne Erlaubte Zeit (EZ)<\/strong><br \/>\n4. N\u00fcdling, Isabell mit Coer de Lion mit 7,2<\/p>\n<p><strong>PFG. 12 Springpferdepr\u00fcfung Kl.A*<\/strong><br \/>\n6. Malkmus, Jana mit La Fee mit 7,4<\/p>\n<p><strong>PFG. 13 Springpferdepr\u00fcfung Kl.A**<\/strong><br \/>\n7. Malkmus, Jana mit La Fee mit 7,6<\/p>\n<p><strong>PFG. 14 Springpferdepr\u00fcfung Kl.L<\/strong><br \/>\n4. Gutberlet, Andreas mit Castania mit 7,1<\/p>\n<p><strong>PFG. 16 Springpferdepr\u00fcfung Kl.M*<\/strong><br \/>\n1. Gutberlet, Andreas mit Dialetto mit 8,2<\/p>\n<p><strong>8.10.2017 Langenselbold, (Waldhof) Freiland<\/strong><br \/>\n<strong>PFG. 18 Stilspring-WB &#8211; m. erlaubter Zeit<\/strong><br \/>\n2. N\u00fcdling, Isabell mit Coer de Lion mit 7,4<\/p>\n<p>&nbsp;<\/p>\n<p><strong>38. KW 2017<\/strong><\/p>\n<p><strong>22.-24.9.2017 S\u00fcddeutsche Mannschaftsmeisterschaften Fahren in Schildau<\/strong><br \/>\n<em>Gold f\u00fcr Hessens Fahrer<\/em><br \/>\nHessens Fahrer holten sich bei den S\u00fcddeutschen Mannschaftsmeisterschaften im s\u00e4chsischen Schildau zweimal Gold. In der Besetzung Dennis Hiller vom RFV H\u00fcnfeld, zusammen mit Thomas Tischer und Scarlett Sophie Gr\u00fcnewald setzen sich die Pony-Zweisp\u00e4nner am Ende gegen die insgesamt sieben Teams aus Baden-W\u00fcrttemberg, Rheinland-Pfalz, Sachsen und Bayern durch. Hiller, der vor einigen Wochen erst den Vizetitel bei den Hessenmeisterschaften Pony Zweisp\u00e4nner in Viernheim erringen konnte, stellte mit dem weiteren Titel in Schildau erneut sein gro\u00dfes Potential und das seiner Ponys unter Beweis.<br \/>\nAls Trainer waren Fred Freund sowie Claudia und Dieter Lauterbach vor Ort und machten wie immer einen starken Job in der nahezu perfekten Betreuung der hessischen Fahrer.<\/p>\n<p><a href=\"https:\/\/www.rfv-huenfeld.de\/wp\/wp-content\/uploads\/2017\/05\/Meister-2spaenner-Pony2017-hiller.jpg\" target=\"_blank\" rel=\"noopener\"><img loading=\"lazy\" decoding=\"async\" class=\"alignnone wp-image-2634 size-medium\" src=\"https:\/\/www.rfv-huenfeld.de\/wp\/wp-content\/uploads\/2017\/05\/Meister-2spaenner-Pony2017-hiller-300x200.jpg\" alt=\"\" width=\"300\" height=\"200\" srcset=\"https:\/\/www.rfv-huenfeld.de\/wp\/wp-content\/uploads\/2017\/05\/Meister-2spaenner-Pony2017-hiller-300x200.jpg 300w, https:\/\/www.rfv-huenfeld.de\/wp\/wp-content\/uploads\/2017\/05\/Meister-2spaenner-Pony2017-hiller-768x512.jpg 768w, https:\/\/www.rfv-huenfeld.de\/wp\/wp-content\/uploads\/2017\/05\/Meister-2spaenner-Pony2017-hiller-1024x683.jpg 1024w, https:\/\/www.rfv-huenfeld.de\/wp\/wp-content\/uploads\/2017\/05\/Meister-2spaenner-Pony2017-hiller.jpg 1744w\" sizes=\"auto, (max-width: 300px) 100vw, 300px\" \/><\/a><\/p>\n<p>&nbsp;<\/p>\n<p><strong>22.-24.9.2017 Fulda-Schloss Fasanerie, mit Finale zum Hessischen Jugendchampionat 2017 des Hofes Hirtenberg Dressurausbildungsstall, Weilrod und Kreismeisterschaft Dressur LK 2-5 des KRB Fulda<\/strong><\/p>\n<p><strong>PFG. 3, Dressurpr\u00fcfung Kl.A* &#8211; paarweise<\/strong><br \/>\n6. Heil, Vanessa mit Conchita mit 6.5<\/p>\n<p><strong>PFG. 11 Springpr\u00fcfung Kl. A**<\/strong><br \/>\n9. Bauch, Marie Janette mit Calippo mit 0\/51.31<\/p>\n<p><strong>PFG. 12 Stilspringpr\u00fcfung Kl.L<\/strong><br \/>\n<em>1. Abteilung<\/em><br \/>\n2. Gutberlet, Andreas mit Dialett mit 7.6<br \/>\n3. Gutberlet, Andreas mit Carlos mit 7.4<\/p>\n<p><strong>PFG. 14 Zwei-Phasen-Springprfg.Kl.M*<\/strong><br \/>\n1. Hillenbrand, Sven mit Stanley mit 0\/46.38 und 0\/27.11<br \/>\n2. Gutberlet, Andreas mit Cosmos mit 0\/47.8 und 0\/27.31<br \/>\n5. Bauch, Kristina mit Boulder mit 0\/43.2 und 0\/28.93<\/p>\n<p><strong>PFG. 13 Springpr\u00fcfung Kl.L<\/strong><br \/>\n<em>1. Abteilung<\/em><br \/>\n1. Gutberlet, Andreas mit Carlos mit 0\/48.99<br \/>\n<em>2. Abteilung<\/em><br \/>\n4. Gutberlet, Anne mit Abby mit 0\/54.78<\/p>\n<p><strong>PFG. 15 Springpr\u00fcfung Kl.M*<\/strong><br \/>\n4. Gutberlet, Andreas mit Cosmos mit 0\/43.92<br \/>\n5. Hillenbrand, Sven mit Lafayette mit 0\/46.47<br \/>\n6. Bauch, Kristina mit Collin mit 0\/46.71<br \/>\n7. Gutberlet, Andreas mit Carlos mit 0\/47.46<br \/>\n9. Bauch, Kristina mit Boulder mit 0\/51.14<\/p>\n<p><strong>22.9.2017 Richelsdorf<\/strong><br \/>\n<strong>PFG. 20, Standard-Spring-WB nach Fehler\/Zeit<\/strong><br \/>\n4. N\u00fcdling, Isabell mit Coer de Lion mit 0\/39,11<\/p>\n<p><strong>23.9.2017 Langenselbold<\/strong><br \/>\n<strong>PFG. 13, Springreiterwettbewerb<\/strong><br \/>\n3. N\u00fcdling, Isabell mit Coer de Lion mit 7,3<\/p>\n<p><strong>PFG. 10, Stilspring-WB ohne EZ<\/strong><br \/>\n3. N\u00fcdling, Isabell mit Coer de Lion mit 6,9<\/p>\n<p>&nbsp;<\/p>\n<p><strong>37. KW 2017<\/strong><\/p>\n<p><strong>15.-17.9.2017 Frankenberg, Verbandsmeisterschaften Kurhessen-Waldeck und Rahmenpr\u00fcfungen mit Finale des Sparkassen- Cup Waldeck-Frankenberg 2017<\/strong><\/p>\n<p>[nggallery id=40]<\/p>\n<p>Was f\u00fcr ein Wochenende f\u00fcr Kristina Bauch und Andreas Gutberlet\u2026\u2026..<br \/>\nHerzlichen Gl\u00fcckwunsch an Kristina Bauch und Andreas Gutberlet zu den tollen Erfolgen bei den diesj\u00e4hrigen Verbandsmeisterschaften Kurhessen-Waldeck 2017 (Nordhessenmeisterschaften) der Dressur- und Springreiter.<br \/>\n<strong><em>Kristina Bauch:<\/em><\/strong><br \/>\nVizemeistertitel 2017 der Springreiter in der Gruppe \u201eU 25\u201c<br \/>\n<strong><em>Andreas Gutberlet:<\/em><\/strong><br \/>\nMeistertitel 2017 der Springreiter in der Gruppe \u201eSpringen Junioren\u201c<br \/>\n<em>(Fotos von Udo Bauch)<\/em><\/p>\n<p><strong>PFG. 10, Springpr\u00fcfung Kl. L<\/strong><br \/>\n3. Gutberlet, Andreas mit Carlos mit 0\/58,47<\/p>\n<p><strong>PFG. 11, Zwei-Phasen-Springpr\u00fcfung Kl. M*<\/strong><br \/>\n1. Gutberlet, Andreas mit Carlos mit 0\/54,25 und 0\/26,79<br \/>\n2. Gutberlet, Andreas mit Chapeau mit 0\/57,41 und 0\/26,97<br \/>\n7. Bauch, Kristina mit Boulder mit 0\/56,00 und 0\/31,03<\/p>\n<p><strong>PFG. 13, Springpr\u00fcfung Kl. M*<\/strong><br \/>\n4. 1. Gutberlet, Andreas mit Abby mit 0\/58,66<br \/>\n7. Bauch, Kristina mit Collin mit 0\/60,62<\/p>\n<p><strong>PFG. 18, Springpr\u00fcfung Kl. M* mit Stechen- Heinz-Abhau-Ged\u00e4chtnispr\u00fcfung<\/strong><br \/>\n2. Gutberlet, Andreas mit Chapeau mit 0\/67,26 und 0\/47,74<br \/>\n3. Bauch, Kristina mit Collin mit 0\/64,43 und 0\/55,98<\/p>\n<p>&nbsp;<\/p>\n<p><strong>36. KW 2017<\/strong><\/p>\n<p><strong>Diverse Ergebnisse siehe H\u00fcnfelder Zeitung vom 12-09-2017<\/strong><br \/>\n<a href=\"https:\/\/www.rfv-huenfeld.de\/wp\/wp-content\/uploads\/2017\/05\/20170912-HZ.png\" target=\"_blank\" rel=\"noopener\"><img loading=\"lazy\" decoding=\"async\" class=\"alignnone wp-image-2578 size-medium\" src=\"https:\/\/www.rfv-huenfeld.de\/wp\/wp-content\/uploads\/2017\/05\/20170912-HZ-204x300.png\" alt=\"\" width=\"204\" height=\"300\" srcset=\"https:\/\/www.rfv-huenfeld.de\/wp\/wp-content\/uploads\/2017\/05\/20170912-HZ-204x300.png 204w, https:\/\/www.rfv-huenfeld.de\/wp\/wp-content\/uploads\/2017\/05\/20170912-HZ-768x1128.png 768w, https:\/\/www.rfv-huenfeld.de\/wp\/wp-content\/uploads\/2017\/05\/20170912-HZ-697x1024.png 697w, https:\/\/www.rfv-huenfeld.de\/wp\/wp-content\/uploads\/2017\/05\/20170912-HZ.png 1181w\" sizes=\"auto, (max-width: 204px) 100vw, 204px\" \/><\/a><\/p>\n<p><strong>9.-10.09.2017 Drommershausen- Weilburg<\/strong><\/p>\n<p><a href=\"https:\/\/www.rfv-huenfeld.de\/wp\/wp-content\/uploads\/2017\/05\/Marie-Doerr-20170910.png\" target=\"_blank\" rel=\"noopener\"><img loading=\"lazy\" decoding=\"async\" class=\"alignnone wp-image-2571 size-medium\" src=\"https:\/\/www.rfv-huenfeld.de\/wp\/wp-content\/uploads\/2017\/05\/Marie-Doerr-20170910-268x300.png\" alt=\"\" width=\"268\" height=\"300\" srcset=\"https:\/\/www.rfv-huenfeld.de\/wp\/wp-content\/uploads\/2017\/05\/Marie-Doerr-20170910-268x300.png 268w, https:\/\/www.rfv-huenfeld.de\/wp\/wp-content\/uploads\/2017\/05\/Marie-Doerr-20170910-768x860.png 768w, https:\/\/www.rfv-huenfeld.de\/wp\/wp-content\/uploads\/2017\/05\/Marie-Doerr-20170910-914x1024.png 914w, https:\/\/www.rfv-huenfeld.de\/wp\/wp-content\/uploads\/2017\/05\/Marie-Doerr-20170910.png 1600w\" sizes=\"auto, (max-width: 268px) 100vw, 268px\" \/><\/a><\/p>\n<p><strong>PFG. Nr.7, Dressurreiter-WB<\/strong><br \/>\n3. Marie D\u00f6rr mit Stolly Coeur mit 7,6<\/p>\n<p><strong>PFG. 9, Gel\u00e4ndereiter- WB<\/strong><br \/>\n2. Marie D\u00f6rr mit Stolly Coeur mit 8,4<\/p>\n<p><strong>PFG. 10, Komb. Gel\u00e4ndeeinsteiger- WB<\/strong><br \/>\n2. Marie D\u00f6rr mit Stolly Coeur<br \/>\n(Dressur 7.6 \/ Springen 7.0 \/ Gel\u00e4nde 8.4)<\/p>\n<p><strong>9.-10.9.2017 Fulda-Haunetal, Dressurturnier mit FAB-Pr\u00fcfungen<\/strong><\/p>\n<p><strong>PFG 2, Dressurpr\u00fcfung Kl.M**<\/strong><br \/>\n4. Grauel, Martha mit Something Special mit 683,500 (67,010%)<\/p>\n<p><strong>PFG. 5, Dressurpr\u00fcfung Kl.M*<\/strong><br \/>\n3. Grauel, Martha mit Something Special mit 669,500 (67,626%)<br \/>\n5. Grauel, Martha mit Don-Carlos 4 mit 652,000 (65,858%)<\/p>\n<p><strong>PFG 13, Reiter-WB Schritt &#8211; Trab &#8211; Galopp &#8211; Sichtung f\u00fcr den Linsenhoff-F\u00f6rderpreis des KRB Fulda<\/strong><br \/>\n1, Moazzeni, Laura mit Kevin mit 8,0<\/p>\n<p><a href=\"https:\/\/www.rfv-huenfeld.de\/wp\/wp-content\/uploads\/2017\/05\/Linsenhoff-Liste-2017-Endstand.png\" target=\"_blank\" rel=\"noopener\"><img loading=\"lazy\" decoding=\"async\" class=\"alignnone wp-image-2574 size-medium\" src=\"https:\/\/www.rfv-huenfeld.de\/wp\/wp-content\/uploads\/2017\/05\/Linsenhoff-Liste-2017-Endstand-300x95.png\" alt=\"\" width=\"300\" height=\"95\" srcset=\"https:\/\/www.rfv-huenfeld.de\/wp\/wp-content\/uploads\/2017\/05\/Linsenhoff-Liste-2017-Endstand-300x95.png 300w, https:\/\/www.rfv-huenfeld.de\/wp\/wp-content\/uploads\/2017\/05\/Linsenhoff-Liste-2017-Endstand-768x242.png 768w, https:\/\/www.rfv-huenfeld.de\/wp\/wp-content\/uploads\/2017\/05\/Linsenhoff-Liste-2017-Endstand-1024x323.png 1024w\" sizes=\"auto, (max-width: 300px) 100vw, 300px\" \/><\/a><\/p>\n<p><strong>10.9.2017 Habichtswald- Ehlen<\/strong><br \/>\n<strong>PFG. 9, Springreiterwettbewerb<\/strong><br \/>\n8. N\u00fcdling, Isabell mit Coer de Lion mit 7,2<\/p>\n<p><strong>PFG. 10 Stilspring-WB &#8211; ohne Erlaubte Zeit (EZ)<\/strong><br \/>\n6. N\u00fcdling, Isabell mit Coer de Lion mit 7,2<\/p>\n<p>&nbsp;<\/p>\n<p><strong>34. KW 2017<br \/>\n27.8.2017 in Laubach<\/strong><br \/>\n<em>PFG. 14, Springreiterwettbewerb<\/em><br \/>\n5. N\u00fcdling, Isabell mit Coer de Lion mit 7,4<\/p>\n<p>&nbsp;<\/p>\n<p><strong>33. KW 2017<br \/>\n<\/strong><strong>1.9. bis 3.9.2017 Schlitz<\/strong><\/p>\n<p><a href=\"https:\/\/www.rfv-huenfeld.de\/wp\/wp-content\/uploads\/2017\/05\/20170905-HZ.png\" target=\"_blank\" rel=\"noopener\"><img loading=\"lazy\" decoding=\"async\" class=\"alignnone wp-image-2565 size-medium\" src=\"https:\/\/www.rfv-huenfeld.de\/wp\/wp-content\/uploads\/2017\/05\/20170905-HZ-265x300.png\" alt=\"\" width=\"265\" height=\"300\" srcset=\"https:\/\/www.rfv-huenfeld.de\/wp\/wp-content\/uploads\/2017\/05\/20170905-HZ-265x300.png 265w, https:\/\/www.rfv-huenfeld.de\/wp\/wp-content\/uploads\/2017\/05\/20170905-HZ-768x868.png 768w, https:\/\/www.rfv-huenfeld.de\/wp\/wp-content\/uploads\/2017\/05\/20170905-HZ-906x1024.png 906w, https:\/\/www.rfv-huenfeld.de\/wp\/wp-content\/uploads\/2017\/05\/20170905-HZ.png 1772w\" sizes=\"auto, (max-width: 265px) 100vw, 265px\" \/><\/a><\/p>\n<p><strong>PFG. 1, Springpr\u00fcfung Kl.M* m.Siegerrunde<\/strong><br \/>\n1. Gutberlet, Andreas mit Chapeau mit 0\/67,63 und 0\/44,96<br \/>\n2. Bauch, Kistina mit Collin mit 0\/69,90 und 0\/52,84<\/p>\n<p><strong>PFG. 2, Punktespringpr\u00fcfung Kl.M*<\/strong><br \/>\n3. Bauch, Kistina mit Collin mit 65Pkt.\/58,18<\/p>\n<p><strong>PFG. 3, Springprfg.Kl.M* m.Stechen<\/strong><br \/>\n3. Gutberlet, Andreas mit Chapeau mit 0\/62,53 und 0\/43,45<br \/>\n5. Bauch, Kistina mit Collin mit 0\/63,50 und 0\/46,00<\/p>\n<p><strong>PFG. 4, Springpr\u00fcfung Kl.M*<\/strong><br \/>\n2. Gutberlet, Andreas mit Abby mit 0\/54,04<br \/>\n6. Schneemann, Lars mit Concurat mit 0\/59,00<\/p>\n<p><strong>PFG. 5, Stilspringpr\u00fcfung Kl.L<\/strong><br \/>\n1. Gutberlet, Andreas mit Dialetto mit 8,0<br \/>\n10. Schneemann, Lars mit E-Quadra mit 7,3<\/p>\n<p><strong>PFG. 6, Stilspringprfg.Kl.L m.Stechen<\/strong><br \/>\n1. Gutberlet, Andreas mit Carlos mit 7,8\/0\/36,29 und 36,29<\/p>\n<p><strong>PFG. 7, Springpr\u00fcfung Kl.L<\/strong><br \/>\n4. Schneemann, Lars mit Concurat mit 0\/43,37<\/p>\n<p><strong>PFG. 8, Springpr\u00fcfung Kl. A**<\/strong><br \/>\n1. Abteilung<br \/>\n2. Bauch, Marie-Janette mit Calippo mit 0\/40,50<\/p>\n<p><strong>PFG. 9, Stilspringpr\u00fcfung Kl.A*<\/strong><br \/>\n1. Abteilung<br \/>\n1. Gutberlet, Andreas mit Castina mit 8,4<br \/>\n2. Abteilung<br \/>\n1. Gutberlet, Andreas mit Leckomiomit 8,2<br \/>\n7. Schneemann, Lars mit Captain Sharky mit 7,5<br \/>\n8. Schneemann, Lars mit Eddie Murphy mit 7,3<\/p>\n<p><strong>PFG. 11, Springpferdepr\u00fcfung Kl.M*<\/strong><br \/>\n4. Gutberlet, Andreas mit Dialetto mit 7,2<\/p>\n<p><strong>PFG. 12, Springpferdepr\u00fcfung Kl.L<\/strong><br \/>\n2. Gutberlet, Andreas mit Dialetto mit 8,0<\/p>\n<p><strong>PFG 13, Springpferdepr\u00fcfung Kl.A**<\/strong><br \/>\n1. Gutberlet, Andreas mit Leckomiomit 8,3<\/p>\n<p><strong>PFG 23, Dressurreiter-WB (RE 1)<\/strong><br \/>\n5. Herget, Pia mit Donna Bella mit 7,3<\/p>\n<p>&nbsp;<\/p>\n<p><strong>33. KW 2017<\/strong><\/p>\n<p><strong>20.08.2017 Schrecksbach<br \/>\nPFG. 7, Springreiter-Wettbewerb<\/strong><br \/>\n1. N\u00fcdling, Isabell mit Coer de Lion<br \/>\n<strong>PFG. 8, Stilspring-WB &#8211; ohne erlaubte Zeit (EZ)<\/strong><br \/>\n2. N\u00fcdling, Isabell mit Coer de Lion mit 7,0<\/p>\n<p><strong>19.08.2017 Wetter<br \/>\nPFG. 10 Punktespringpr\u00fcfung KL. S*<\/strong><br \/>\n10. Bauch, Kristina mit Collin<\/p>\n<p><strong>Ergebnisse von beiden Turnieren in H\u00fcnfeld:<\/strong><br \/>\nsiehe <a href=\"https:\/\/www.rfv-huenfeld.de\/wp\/?page_id=2225\" target=\"_blank\" rel=\"noopener\">Berichte 2017<\/a><\/p>\n<p>&nbsp;<\/p>\n<p><strong>28. KW 2017<\/strong><\/p>\n<p><strong>Kristina Bauch in Altenstadt:<\/strong><br \/>\n<em>In Altenstadt startete Kristina Bauch mit Collin im Springen der Klasse M** &#8211; dort wurde sie verdient Dritte. In der Klasse M* kam das Paar auf Rang vier und mit ihrem zweiten Pferd Boulder wurde sie F\u00fcnfte.<\/em><\/p>\n<p><strong>Hannah Heinle in Darmstadt- Kranichstein (Hessenmeisterschaften):<\/strong><br \/>\n<em>Mit Moulin Rouge ritt Hannah Heinle zun\u00e4chst in einem S*-Springen auf den neunten Platz, am n\u00e4chsten Tag startete sie in der Klasse S** und ritt auf einen furiosen zweiten Platz mit nur 11\/100 R\u00fcckstand zum Sieg. Die Finalpr\u00fcfung war ein S**-Springen mit gleich zwei Uml\u00e4ufen: Ein Abwurf im ersten Umlauf und ein sauber gerittener zweiter Umlauf bescherten der Amazone aus Engelhelms den sechsten Rang. In der Gesamtwertung freute sich Heinle \u00fcber den vierten Platz. Durch den herausragenden zweiten Platz in der Klasse S** ist die Reiterin wieder einen Schritt weiter gekommen beim Erwerb des Goldenen Reitabzeichens. \u201eMir fehlen jetzt noch zwei Siege in dieser Klasse\u201c, definiert Heinle ihr gro\u00dfes Ziel. Bereits eine Woche zuvor in Babenhausen hagelte es n\u00e4mlich den ersehnten Sieg in dieser Klasse mit ihrem Paradepferd Moulin Rouge. Dazu kam ein Sieg in der Klasse M* mit Grace DS, ein zweiter Platz mit Moulin Rouge und ein sechster Platz mit Lolita DS.<\/em><\/p>\n<p><strong>Elena Fey in B\u00fcdingen:<\/strong><br \/>\nL- Springen 5. Platz mit Fee<\/p>\n<p><strong>Andreas Gutberlet in Ziegenhain:<\/strong><br \/>\nPfg. 1. Springpr\u00fcfung Kl.M** \/ 2. Platz mit Chapeau u. 6. Platz mit Cosmos<br \/>\nPfg. 3. Stilspringpr\u00fcfung Kl. M \/ 3. Platz mit Chapeau u. 3. Platz mit Cosmos<br \/>\nPfg. 6. 2- Phasen L \/ 5. Platz mit Carlos<br \/>\nPfg. 11. Springpferdepr\u00fcfung Kl.M \/ 5.Platz mit Dialetto<br \/>\nPfg. 12 Springpferdepr\u00fcfung Kl. L \/ 4. Platz mit Dialetto<br \/>\nPfg. 13. Springpferdepr\u00fcfung Kl.A** \/ 2. Platz mit Leckomio<br \/>\n<em>Richtig gut lief es f\u00fcr Andreas Gutberlet vom RFV H\u00fcnfeld in Ziegenhain: Dort wurde im er im M**-Springen Zweiter mit Chapeau und sechster mit Cosmos. Im Stilspringen Klasse M gab es zweimal Rang drei \u2013 mit Chapeau und Cosmos. In einem Zwei-Phasen-Springen Klasse L wurde er mit Carlos F\u00fcnfter. Und mit den Nachwuchspferden ging es in die Springpferdepr\u00fcfungen: In der Klasse M und L wurde er mit Dialetto F\u00fcnfter und Vierter. Mit Leckomio schaffte er den sch\u00f6nen zweiten Rang in der Klasse A**.<\/em><\/p>\n<p>&nbsp;<\/p>\n<p><strong>27. KW 2017<\/strong><\/p>\n<p><strong>Vielseitigkeitsturnier mit Kreismeisterschaften in Bimbach<\/strong><\/p>\n<p><strong>Marie D\u00f6rr mit Stolly Coeur:<\/strong><br \/>\nDressurreiterwettbewerb \/ 2. Platz 6,7<br \/>\nSpringreiterwettbewerb \/ 3. Platz 6,9<br \/>\nKombi Wettbewerb LK 0 \/ 3. Platz mit 20,3 Pkt.<br \/>\nKreismeister LK 0 \/ 3. Platz<\/p>\n<p><strong>Miriam Kirsten mit Nikita:<\/strong><br \/>\nDressurwettbewerb \/ 6. Platz 6.8<br \/>\nKombi- Wettbewerb \/ 8. Platz<br \/>\nKreismeister LK6 \/ 2. Platz<\/p>\n<p><strong>Jonathan Marquardt mit Ismahn:<\/strong><br \/>\nStilgel\u00e4nde A \/ 2. Platz mit 8,5<br \/>\nSpringen A \/ 1. Platz mit 8,2<br \/>\nKombi- Wettbewerb LK 4\/5 \/ 1. Platz mit 23,6 Pkt.<br \/>\nKreismeister LK4\/5 \/ 1. Platz<\/p>\n<p><strong>Jo- Ann Schiller mit Frodo:<\/strong><br \/>\nSpringen A \/ 2. Platz mit 7,8<br \/>\nDressur A \/ 2. Platz mit 7,1<\/p>\n<p><strong>Jessica Weber mit Waldstar:<\/strong><br \/>\nDressurreiterwettbewerb \/ 1. Platz 7,0<br \/>\nKombi Wettbewerb LK 0 \/ 1. Platz mit 20,7 Pkt.<br \/>\nKreismeister LK 0 \/ 1. Platz<\/p>\n<p>&nbsp;<\/p>\n<p><strong>26. KW 2017<\/strong><\/p>\n<p><strong>Turnier in Sulzbach \/ Jonathan Marquard mit Ismahn<\/strong>:<br \/>\n7. Platz A** Vielseitigkeit<\/p>\n<p><strong>Diverse Erfolge siehe Zeitungsbericht aus der H\u00fcnfelder\/Fuldaer Zeitung vom 04-07-2017<\/strong><br \/>\n<a href=\"https:\/\/www.rfv-huenfeld.de\/wp\/wp-content\/uploads\/2017\/05\/HZ-FZ-vom-04072017.jpg\" target=\"_blank\" rel=\"noopener\"><img loading=\"lazy\" decoding=\"async\" class=\"alignleft wp-image-2470 size-medium\" src=\"https:\/\/www.rfv-huenfeld.de\/wp\/wp-content\/uploads\/2017\/05\/HZ-FZ-vom-04072017-300x265.jpg\" alt=\"\" width=\"300\" height=\"265\" srcset=\"https:\/\/www.rfv-huenfeld.de\/wp\/wp-content\/uploads\/2017\/05\/HZ-FZ-vom-04072017-300x265.jpg 300w, https:\/\/www.rfv-huenfeld.de\/wp\/wp-content\/uploads\/2017\/05\/HZ-FZ-vom-04072017-768x678.jpg 768w, https:\/\/www.rfv-huenfeld.de\/wp\/wp-content\/uploads\/2017\/05\/HZ-FZ-vom-04072017-1024x904.jpg 1024w, https:\/\/www.rfv-huenfeld.de\/wp\/wp-content\/uploads\/2017\/05\/HZ-FZ-vom-04072017.jpg 1856w\" sizes=\"auto, (max-width: 300px) 100vw, 300px\" \/><\/a><\/p>\n<p>&nbsp;<\/p>\n<p>&nbsp;<\/p>\n<p>&nbsp;<\/p>\n<p>&nbsp;<\/p>\n<p>&nbsp;<\/p>\n<p>&nbsp;<\/p>\n<p>&nbsp;<\/p>\n<p>&nbsp;<\/p>\n<p>&nbsp;<\/p>\n<p>&nbsp;<\/p>\n<p><strong>23. KW 2017<br \/>\n<\/strong>[nggallery id=39]<strong><br \/>\n<\/strong><\/p>\n<p><strong>8.6 \u2013 11.6.2017 Klein- Auheim<\/strong><br \/>\n<strong>PFG. 2. Springpr\u00fcfung Kl. M**<\/strong><br \/>\n<em>1. Abteilung<\/em><br \/>\n1. Heinle, Hannah mit Moulin Rouge mit 0 \/ 62,72<\/p>\n<p><strong>PFG. 3. Zwei- Phasen- Springpr\u00fcfung.Kl. M*<\/strong><br \/>\n<em>2. Abteilung<\/em><br \/>\n1. Heinle, Hannah mit Grace mit 0 \/ 47,36 und 0 \/ 23,60<\/p>\n<p><strong>PFG. 1. Springpr\u00fcfung.Kl.S m.St.*<\/strong><br \/>\n11. Heinle, Hannah mit Moulin Rouge mit 4 \/ 70,31<\/p>\n<p><strong>Jonathan Marquard war mit Pferd Ismahn wie folgt platziert<\/strong>:<br \/>\n2. Platz A** Springen<br \/>\n9. Platz Stil -A 7,5<br \/>\n9. Platz Gl\u00fccksspringen A &#8211; 24 Punkte<\/p>\n<p><strong>Turnier Grundhof Bad Salzungen<\/strong><br \/>\n<strong>PFG. 4. Sprinreiter- WB<\/strong><br \/>\n2. N\u00fcdling, Isabell mit Coer de Lion mit 8,0<\/p>\n<p><strong>PFG. 10. Stilspring-WB &#8211; ohne Erlaubte Zeit (EZ)<\/strong><br \/>\n2. N\u00fcdling, Isabell mit Coer de Lion mit 8,0<\/p>\n<p><strong>11.06.2017 Hohe Rh\u00f6n\/Hilders Fahrturnier mit Kreismeisterschaften Fahren<\/strong><\/p>\n<p><strong>Gel\u00e4ndefahrt<\/strong><br \/>\n<em>Zweisp\u00e4nner Pferd:<\/em><br \/>\n1. Benjamin Reuter<br \/>\n<em>Pony:<\/em><br \/>\n1. Dennis Hiller<br \/>\n<em>Einsp\u00e4nner Pferd:<\/em><br \/>\n1. Sabine Schweiger<br \/>\n<em>Pony:<\/em><br \/>\n1. Dennis Hiller<br \/>\n2. Martha Grauel<\/p>\n<p><strong>Hindernisfahrt<\/strong><br \/>\n<em>Zweisp\u00e4nner Pferd:<\/em><br \/>\n4. Benjamin Reuter<br \/>\n<em>Pony:<\/em><br \/>\n1. Dennis Hiller<br \/>\n<em>Einsp\u00e4nner Pferd:<\/em><br \/>\n1. Sabine Schweiger<br \/>\n<em>Pony:<\/em><br \/>\n1. Martha Grauel<br \/>\n4. Dennis Hiller<\/p>\n<p><strong>Zeit-Hindernisfahrt<\/strong><br \/>\n<em>Zweisp\u00e4nner Pferd:<\/em><br \/>\n2. Benjamin Reuter<br \/>\n<em>Pony:<\/em><br \/>\n1. Dennis Hiller<br \/>\n<em>Einsp\u00e4nner Pferd:<\/em><br \/>\n1. Sabine Schweiger<br \/>\n<em>Pony:<\/em><br \/>\n1. Dennis Hiller<br \/>\n2. Martha Grauel<\/p>\n<p><strong>Kombinierte Pr\u00fcfung<\/strong><br \/>\n<em>Zweisp\u00e4nner Pferd:<\/em><br \/>\n1. Benjamin Reuter<br \/>\n<em>Pony:<\/em><br \/>\n1. Dennis Hiller<br \/>\n<em>Einsp\u00e4nner Pferd:<\/em><br \/>\n1. Sabine Schweiger<br \/>\n<em>Pony:<\/em><br \/>\n1. Martha Grauel<br \/>\n2. Dennis Hiller<\/p>\n<p><strong>Kreismeister<\/strong><br \/>\n<em>Zweisp\u00e4nner Pferd:<\/em><br \/>\n1. Benjamin Reuter<br \/>\n<em>Pony:<\/em><br \/>\n1. Dennis Hiller<br \/>\n<em>Einsp\u00e4nner Pferd:<\/em><br \/>\n1. Sabine Schweiger<br \/>\n<em>Pony:<\/em><br \/>\n1. Martha Grauel<\/p>\n<p>&nbsp;<\/p>\n<p><strong>22. KW 2017<\/strong><\/p>\n<p><strong>Turnier in Landenhausen (02.06.2017 &#8211; 05.06.2017)<\/strong><\/p>\n<p><strong>Freitag, den 02.06.2017<\/strong><br \/>\n<strong>PFG. 22. Springpferdepr\u00fcfung Kl. A*<\/strong><br \/>\n2. Gutberlet, Andreas mit Leckomio mit 8,1<\/p>\n<p><strong>PFG. 21. Springpferdepr\u00fcfung Kl. A**<\/strong><br \/>\n6. Gutberlet, Andreas mit Leckomio mit 8,1<\/p>\n<p><strong>Samstag, den 03.06.2017<\/strong><br \/>\n<strong>PFG. 16. Stilspring-WB &#8211; mit Erlaubter Zeit (EZ) (E)<\/strong><br \/>\n1. Moazzeni, Anna mit Kevin mit 7,5<br \/>\n7. Weber, Jessica mit Waldstar mit 7,0<\/p>\n<p><strong>PFG. 13. Stilspringpr\u00fcfung Kl. A* Weg u.Zeit &#8211; geschlossen \u2013<\/strong><br \/>\n<em>1. Abteilung<\/em><br \/>\n3. Malkmus, Jana mit Assini K mit 7,8<\/p>\n<p><strong>PFG. 6. Springpr\u00fcfung Kl. M* &#8211; geschlossen \u2013<\/strong><br \/>\n2. Gutberlet, Andreas mit Carlos mit 0 \/ 51,72<\/p>\n<p><b>PFG. 5. Springpr\u00fcfung Kl. M* m. Stechen<br \/>\n<\/b>6. Bauch, Kristian mit Collin mit 0 \/ 62,18 und 4 \/ 41,36<\/p>\n<p><strong>Sonntag, den 04.06.2017<\/strong><em><strong><br \/>\n<\/strong><\/em><strong>PFG. 36. Dressurreiterpr\u00fcfung Kl.A &#8211; geschlossen &#8211;<\/strong><br \/>\n11. Kirsten, Miriam mit Nikita mit 6,7<\/p>\n<p><strong>PFG. 7. Punktespringpr\u00fcfung Kl. L mit Joker<\/strong><br \/>\n<em>1. Abteilung<\/em><br \/>\n3. Hillenbrand, Sven mit Lafayette mit 44 \/ 39,53<\/p>\n<p><strong>PFG. 37. Dressur-WB (E 3) (E)<\/strong><br \/>\n2. Moazzeni, Anna mit Kallimero mit 7,6<br \/>\n8. Heil, Vanessa mit Conchita mit 6,5<\/p>\n<p><strong>PFG. 40.1 Reiter-WB Schritt &#8211; Trab &#8211; Galopp (E)<\/strong><br \/>\n2. Kirsten, Jessica mit Nikita mit 7,3<\/p>\n<p><strong>PFG. 4. Springpr\u00fcfung Kl. M* mit steigenden Anforderungen<\/strong><br \/>\n<em>1. Abteilung<\/em><br \/>\n3. Gutberlet, Andreas mit Chapeau mit 0 \/ 54,47<br \/>\n7. Hillenbrand, Sven mit Lafayette mit 0 \/ 59,66<br \/>\n<em>3. Abteilung<\/em><br \/>\n3. Gutberlet, Andreas mit Carlos mit 0 \/ 55,53<\/p>\n<p><strong>PFG. 38. Dressurreiter-WB (RE 1) (E)<\/strong><br \/>\n3. Moazzeni, Laura mit Kevin mit 7,8<\/p>\n<p><strong>PFG. 39. Springreiter-WB (E)<\/strong><br \/>\n3. Moazzeni, Anna mit Kevin mit 7,3<\/p>\n<p><strong>Montag, den 05.06.2017<br \/>\n<\/strong><strong>PFG. 3. Springpr\u00fcfung Kl. M*<\/strong><br \/>\n<em>1. Abteilung<\/em><br \/>\n8. Hillenbrand, Sven mit Stanley mit 0 \/ 57,47<br \/>\n<em>2. Abteilung<\/em><br \/>\n4. Gutberlet, Andreas mit Carlos mit 0 \/ 54,39<br \/>\n5. Heinle, Hannah mit Grace mit 0 \/ 55,73<\/p>\n<p><strong>PFG. 1. Springprfg.Kl. S m.St.*<\/strong><br \/>\n2. Heinle, Hannah mit Moulin Rouge mit 0 \/ 73,64 und 0 \/ 33,79<br \/>\n15. Heinle, Hannah mit Grace mit 4 \/ 69,98<\/p>\n<p>&nbsp;<\/p>\n<p><strong>21. KW 2017<\/strong><\/p>\n<p>[nggallery id=38]<\/p>\n<p><strong>28.05.2017 Viernheim, Hessische Meisterschaften Zweisp\u00e4nner Pferde und Ponys Kl. S, Hessische Meisterschaften Einsp\u00e4nner Pferde Kl. S<\/strong><\/p>\n<p><em>Zeitungsartikel aus der Fuldaer\/H\u00fcnfelder Zeitung vom 07.06.2017:<\/em><br \/>\nDennis Hiller verpasste bei den Hessenmeisterschaften Fahren in Viernheim nur knapp den Titel und katapultierte sich auf einen f\u00fcr ihn fast unfassbaren zweiten Platz gegen echte Konkurrenz aus dem Bundeskader.<br \/>\nEs begann mit der Dressur, wo Heller mit dem Team vom Fahrstall Sauer zun\u00e4chst in der Dressur mit Lolly und Cantaro einen Platz im Mittelfeld ergatterte. Im Gel\u00e4nde hatte der H\u00fcnfelder auf Diego und Cantaro gesetzt und fuhr mit den beiden wendigen und absolut zuverl\u00e4ssigen Ponys im Zweisp\u00e4nner im S-Gel\u00e4nde auf Rang acht und somit in die Platzierung. Beim abschlie\u00dfenden Kegelfahrenkam er auf Platz f\u00fcnf und verpasste nur knapp wegen eines einzigen abgeworfenen Balles mit 2,8 Punkten den Hessenmeistertitel.<br \/>\nUm den Erfolg noch zu kr\u00f6nen, erreichte Hiller in der S-Tour in der Kombinierten Wertung ausserdem noch den siebten Platz: \u201eDas war gegen diese Konkurrenz einfach unfassbar\u201c, freute sich der Fahrsportler \u00fcber den herausragenden Saisonbeginn.<br \/>\nAuch im Pony-Einsp\u00e4nner trat Hiller an, ebenfalls in der h\u00f6chsten Klasse S \u2013 dort kam Rang acht im Kegelfahren heraus, nachdem er im Gel\u00e4nde nur haarscharf an einer Platzierung vorbei schrammte.<br \/>\nJetzt stehen weitere Fahrturniere in den frisch gebackenen Vize-Hessenmeister aus H\u00fcnfeld an, er l\u00e4sst es sich aber auch nicht nehmen, am n\u00e4chsten Wochenende bei den Kreismeisterschaften in Hilders beim RFV Hohe Rh\u00f6n anzutreten.<\/p>\n<p><u><b>27.05.2017 Altenstadt, Haflinger und Edelbluthaflingerturnier mit Haflinger\/ Edelbluthaflinger Trophy 2017<\/b><\/u><\/p>\n<p><b>PFG. 27\/2 Reiter-WB Schritt- Trap- Galopp<br \/>\n<\/b>1. Kirsten, Jessica mit Nikita mit 7,2<\/p>\n<p><strong>25.05.2017 Drei\u00dfigacker<\/strong><br \/>\n<strong>PFG. 3, Stilspring-WB &#8211; mit Erlaubter Zeit (EZ)<\/strong><br \/>\n5. N\u00fcdling, Isabell mit Coer de Lion mit 7,1<\/p>\n<p><strong>25.05.2017 Wartenberg- Angersbach, Wartenberg- Cup 2017<\/strong><\/p>\n<p><strong>PFG. 5, Dressurreiter-WB (RE 1)<\/strong><br \/>\n4. Moazzeni, Laura, mit Kevin mit 6,8<\/p>\n<p><strong>26. &#8211; 28.05.2017 Springturnier Eiterfeld<\/strong><\/p>\n<p><strong>PFG. 12, Springpferdepr\u00fcfung KL. A*<\/strong><br \/>\n5. Malkmus, Jane mit La Fee mit 7,6<br \/>\n7. Schneemann, Lars mit For Cirze mit 7,4<\/p>\n<p><strong>PFG. 15, Springpr\u00fcfung KL. A**<\/strong><br \/>\n1. Bauch, Marie- Janette mit Calippo, mit 0 \/ 43,20<br \/>\n9. Schulz, Julia mit Charmeur, mit 0 \/ 50,81<\/p>\n<p><strong>PFG. 7, Stilspringpr\u00fcfung KL. L, 1. Abteilung<\/strong><br \/>\n2. Malkmus, Laura mit Assini K mit 8,0<\/p>\n<p><strong>PFG. 13, Stilspringpr\u00fcfung KL. A*, 1. Abteilung<\/strong><br \/>\n3. Bauch, Marie- Janette mit Calippo mit 7,8<\/p>\n<p><strong>PFG. 6, Zwei- Phasen- Springpr\u00fcfung KL. L<\/strong><br \/>\n<em>1. Abteilung<\/em><br \/>\n4. Hillenbrand, Sven mit Lafayette mit 0 \/ 26.08<br \/>\n<em>2. Abteilung<\/em><br \/>\n1. Hillenbrand, Sven mit Stanley mit 0 \/ 25.37<br \/>\n16. Schulz, Julia mit Charmeur, 0 \/ 31.64<\/p>\n<p><strong>PFG. 4, Springpr\u00fcfung KL. M*<\/strong><br \/>\n<em>1. Abteilung<\/em><br \/>\n5. Hillenbrand, Sven mit Stanley mit 0 \/ 52.01<br \/>\n6. Gutberlet, Andreas mit Carlos mit 0 \/ 52,40<br \/>\n<em>2. Abteilung<\/em><br \/>\n14. Bauch, Kristina mit Boulder mit 0 \/ 57,83<br \/>\n24. Vey, Elina mit Fee mit 4 \/ 53,99<\/p>\n<p><strong>PFG. 2, Springpr\u00fcfung Kl. M**<\/strong><br \/>\n10. Gutberlet, Andreas mit Cosmos mit 0,25 \/ 81,28<\/p>\n<p><strong>PFG. 5, Springpr\u00fcfung KL. L<\/strong><br \/>\n<em>1. Abteilung<\/em><br \/>\n2. Hillenbrand, Sven mit Lafayette mit 0 \/ 42,02<br \/>\n8. Schneemann, Lars mit Concurat mit 0 \/ 49,16<br \/>\n<em>2. Abteilung<\/em><br \/>\n5. Vey, Elina mit Fee mit 0 \/ 46,13<\/p>\n<p><strong>PFG. 3, Springpr\u00fcfung KL. M<\/strong><br \/>\n<em>2. Abteilung<\/em><br \/>\n5. Hillenbrand, Sven mit Stanley mit 0 \/ 57,66<br \/>\n11. Bauch, Kristina mit Collin mit 0 \/ 63,08<br \/>\n18 Schneemann, Lars mit Concurat mit 4 \/ 61,12<\/p>\n<p><strong>PFG. 1, Springpr\u00fcfung KL. S mit St<\/strong>.<br \/>\n9. Gutberlet, Andreas mit Cosmos mit 0 \/ 75,95 + 5 \/ 50,48<\/p>\n<p><strong>PFG. 17, Stilspring-WB &#8211; ohne Erlaubte Zeit (EZ)<\/strong><br \/>\n6. N\u00fcdling, Isabell, mit Coer de Lion mit 7,6<\/p>\n<p>&nbsp;<\/p>\n<p>&nbsp;<\/p>\n<p><strong>20. KW 2017 (ungepr\u00fcft)<\/strong><\/p>\n<p><strong>21.05.2017- Martha Grauel (Grabsleben)<br \/>\n<\/strong>Im Prix St. Georges, einer internationalen Dressurpr\u00fcfung auf hohem Niveau, ritt Martha Grauel in Grabsleben mit Chirac auf einen hervorragenden zweiten Platz. ,,Ich bin so stolz auf den Gro\u00dfen&#8220;, freute sich die Reiterin, die au\u00dferdem mit Don Carlos in der Klasse M* Trense Platz drei und mit Something Special Platz zwei erk\u00e4mpfte.<br \/>\n(Foto privat)<\/p>\n<figure id=\"attachment_2416\" aria-describedby=\"caption-attachment-2416\" style=\"width: 300px\" class=\"wp-caption alignnone\"><a href=\"https:\/\/www.rfv-huenfeld.de\/wp\/wp-content\/uploads\/2017\/05\/Martha-Grauel-in-Grabsleben.jpg\" target=\"_blank\" rel=\"noopener\"><img loading=\"lazy\" decoding=\"async\" class=\"wp-image-2416 size-medium\" src=\"https:\/\/www.rfv-huenfeld.de\/wp\/wp-content\/uploads\/2017\/05\/Martha-Grauel-in-Grabsleben-300x225.jpg\" alt=\"\" width=\"300\" height=\"225\" srcset=\"https:\/\/www.rfv-huenfeld.de\/wp\/wp-content\/uploads\/2017\/05\/Martha-Grauel-in-Grabsleben-300x225.jpg 300w, https:\/\/www.rfv-huenfeld.de\/wp\/wp-content\/uploads\/2017\/05\/Martha-Grauel-in-Grabsleben-768x576.jpg 768w, https:\/\/www.rfv-huenfeld.de\/wp\/wp-content\/uploads\/2017\/05\/Martha-Grauel-in-Grabsleben-1024x768.jpg 1024w\" sizes=\"auto, (max-width: 300px) 100vw, 300px\" \/><\/a><figcaption id=\"caption-attachment-2416\" class=\"wp-caption-text\">Martha Grauel<\/figcaption><\/figure>\n<p>&nbsp;<\/p>\n<p><strong>18. KW 2017 (ungepr\u00fcft)<br \/>\n<\/strong><\/p>\n<p><strong><u>WBO Steinau a. d. Stra\u00dfe am 07.05.2017:<\/u><\/strong><\/p>\n<p>[nggallery id=37]<\/p>\n<p><strong>1. Reiterwettbewerb (S,T):<\/strong><\/p>\n<p>-Laura Moazzeni mit Kevin: 1.<\/p>\n<p><strong>2. Reiterwettbewerb (S,T,G):<\/strong><\/p>\n<p>-Janine B\u00fcrgermeister mit Lotte: 1.\/8.0<\/p>\n<p>-Josephine Ungar mit Dusty: 2.\/7.4<\/p>\n<p>-Jessica Kirsten mit Nikita: 3.\/6.8<\/p>\n<p>-Laura Balzer mit Stolly: 4.\/6.6<\/p>\n<p>-Janine R\u00fcppner mit Dusty: 2.\/7.0<\/p>\n<p>-Laura Moazzeni mit Kevin: 1.\/8.2<\/p>\n<p><strong>3. Dressur- WB:<\/strong><\/p>\n<p>&#8211; Marie D\u00f6rr mit Stolly: 4.\/7.0<\/p>\n<p>&#8211; Anna Moazzeni mit Kalimero: 1.\/8.0<\/p>\n<p>-Miriam Kirsten mit Nikita: 7.\/6.7<\/p>\n<p><strong>4. Springreiterwettbewerb:<\/strong><\/p>\n<p>&#8211; Jessica Weber mit Waldstar: 1.<\/p>\n<p>&#8211; Isabell N\u00fcdling mit Coer de Lion: 2.\/7.6<\/p>\n<p>&#8211; Anna Moazzeni mit Kevin: 3.\/7.4<\/p>\n<p>&#8211; Janine B\u00fcrgermeister mit Lotte: 6.\/7.0<\/p>\n<p><strong>5. Stilspring- WB -mit erlaubter Zeit<\/strong><\/p>\n<p>&#8211; Isabell N\u00fcdling mit Coer de Lion: 2.\/7.8<\/p>\n<p>&#8211; Anna Moazzeni mit Kevin: 6.\/7.4<\/p>\n<p><strong>6. Spring -WB (Hindernish\u00f6he 0,95 cm)<\/strong><\/p>\n<p>Marie-Jeanette Bauch mit Calippo, 2.<\/p>\n<p><strong>7. Spring -WB (Hindernish\u00f6he 1,05 cm)<\/strong><\/p>\n<p>Marie-Jeanette Bauch mit Calippo, 2.<\/p>\n<p>&nbsp;<\/p>\n<p><strong><u>Hessisch Lichtenau, Springturnier vom 06.05. bis 07.05.2017<\/u><\/strong><\/p>\n<p>Laura Malkmus mit Assini, 7.\/62,84<\/p>\n<p>&nbsp;<\/p>\n<p><strong>16. KW 2017 (ungepr\u00fcft)<\/strong><\/p>\n<p><strong><u>Richelsdorf, Springturnier vom 19.04. bis 23.04.2017<\/u><\/strong><\/p>\n<p><strong>Standard-Spring-WB mit Idealzeit<\/strong><br \/>\nIsabell N\u00fcdling mit Coer de Lion: 3.\/53,81<\/p>\n<figure id=\"attachment_2379\" aria-describedby=\"caption-attachment-2379\" style=\"width: 300px\" class=\"wp-caption alignnone\"><a href=\"https:\/\/www.rfv-huenfeld.de\/wp\/wp-content\/uploads\/2017\/05\/isabell-nuedling-in-richelsdorf.jpg\" target=\"_blank\" rel=\"noopener\"><img loading=\"lazy\" decoding=\"async\" class=\"wp-image-2379 size-medium\" src=\"https:\/\/www.rfv-huenfeld.de\/wp\/wp-content\/uploads\/2017\/05\/isabell-nuedling-in-richelsdorf-300x169.jpg\" alt=\"\" width=\"300\" height=\"169\" srcset=\"https:\/\/www.rfv-huenfeld.de\/wp\/wp-content\/uploads\/2017\/05\/isabell-nuedling-in-richelsdorf-300x169.jpg 300w, https:\/\/www.rfv-huenfeld.de\/wp\/wp-content\/uploads\/2017\/05\/isabell-nuedling-in-richelsdorf-768x432.jpg 768w, https:\/\/www.rfv-huenfeld.de\/wp\/wp-content\/uploads\/2017\/05\/isabell-nuedling-in-richelsdorf-1024x576.jpg 1024w\" sizes=\"auto, (max-width: 300px) 100vw, 300px\" \/><\/a><figcaption id=\"caption-attachment-2379\" class=\"wp-caption-text\">Isabell N\u00fcdling<\/figcaption><\/figure>\n<p><strong>Stil A**<br \/>\n<\/strong>Laura Malkmus mit Assini, 4.\/8,0<\/p>\n<p><strong>Stil L<br \/>\n<\/strong>Laura Malkmus mit Assini, 3.\/8,0<\/p>\n<p><strong>\u00a0<\/strong><\/p>\n<p><strong>23.04.2017 Dennis Hiller (Haras de la Nee, Elsass)<br \/>\n<\/strong>Fahrsportler Dennis Hiller vom RFV H\u00fcnfeld konnte es kaum glauben und war \u00fcbergl\u00fccklich.<br \/>\nBei seinem bisher erfolgreichsten Turnier sicherte er sich zusammen mit dem Fahrstall Sauer seinen ersten Kombi-Sieg in der Klasse S.<br \/>\nDaf\u00fcr reiste Dennis Hiller weit bis nach Frankreich, genauer gesagt f\u00fchrte ihn die Reise zur Saisoner\u00f6ffnung nach Haras de la Nee ins Elsass. Sein erst zweiter Start in der Klasse S bescherte ihm gleich die Spitzenposition und das, obwohl die Konkurrenz aus dem In- und Ausland sehr stark war. Zun\u00e4chst fuhr er im Zweisp\u00e4nner mit den beiden Ponys Lolly und Cantaro bei der internationalen Dressuraufgabe auf Rang zwei hinter der WM- Teilnehmerin Birgit Kohlwei\u00df.<br \/>\nNach dem guten Auftakt ging es ans Kegelfahren. Das pr\u00e4zise Fahren ohne Abwurf der 20 Kegel meisterte er als einziger in der erlaubten Zeit, selbst ein Abwurf konnte ihm den Sieg nicht nehmen. Der H\u00f6hepunkt der kombinierten Pr\u00fcfung war die Gel\u00e4ndefahrt, Hillers Paradedisziplin. Nach zw\u00f6lf Kilometern und sieben fehlerfreien und schnell durchfahrenen Hindernissen lag er ebenfalls an der Spitze &#8211; diesmal hatte er Royal Rusty und Cantaro an den Leinen. Der Sieg in der Kombi war damit sicher und der H\u00fcnfelder war m\u00e4chtig stolz: \u201eNach der Berufung in den Hessenkader war dies mein gr\u00f6\u00dfter bisheriger Erfolg.&#8220;<br \/>\nNat\u00fcrlich gab es f\u00fcr die vierbeinigen Kameraden ein gro\u00dfes Lob, zumal sie die weite Reise gut weggesteckt und einen super Job gemacht haben.<\/p>\n<p><a href=\"https:\/\/www.rfv-huenfeld.de\/wp\/wp-content\/uploads\/2017\/05\/Dennis-Hiller.jpg\" target=\"_blank\" rel=\"noopener\"><img loading=\"lazy\" decoding=\"async\" class=\"alignnone wp-image-2419 size-medium\" src=\"https:\/\/www.rfv-huenfeld.de\/wp\/wp-content\/uploads\/2017\/05\/Dennis-Hiller-300x200.jpg\" alt=\"\" width=\"300\" height=\"200\" srcset=\"https:\/\/www.rfv-huenfeld.de\/wp\/wp-content\/uploads\/2017\/05\/Dennis-Hiller-300x200.jpg 300w, https:\/\/www.rfv-huenfeld.de\/wp\/wp-content\/uploads\/2017\/05\/Dennis-Hiller-768x511.jpg 768w, https:\/\/www.rfv-huenfeld.de\/wp\/wp-content\/uploads\/2017\/05\/Dennis-Hiller-1024x682.jpg 1024w\" sizes=\"auto, (max-width: 300px) 100vw, 300px\" \/><\/a><\/p>\n<p>&nbsp;<\/p>\n<p>&nbsp;<\/p>\n<p>&nbsp;<\/p>\n","protected":false},"excerpt":{"rendered":"<p>Erfolgslisten 2017 Hier k\u00f6nnt Ihr die Listen der erfolgreichsten Reiter\/ Fahrer ansehen bzw. downloaden. Erfolge-2017-RFVH-sortiert-nach-Punkten-Disziplin Erfolge-2017-RFVH-sortiert-nach-Punkten weitere Erfolge biite nach &#8222;unten scrollen&#8220;!!! 19.10.2017 Reitabzeichenlehrgang Der Reit u. und Fahrverein H\u00fcnfeld veranstaltete in den Herbstferien auf der Vereinseigenen Anlage einen Abzeichenlehrgang. Ziel f\u00fcr die 26 Teilnehmer aller Altersklassen waren die Reitabzeichen zehn bis vier sowie Basis- &hellip; <a href=\"https:\/\/www.rfv-huenfeld.de\/wp\/?page_id=2225\" class=\"more-link\"><span class=\"screen-reader-text\">Berichte 2017<\/span> weiterlesen <span class=\"meta-nav\">&rarr;<\/span><\/a><\/p>\n","protected":false},"author":2,"featured_media":0,"parent":32,"menu_order":6,"comment_status":"closed","ping_status":"closed","template":"","meta":{"_crdt_document":"","footnotes":""},"class_list":["post-2225","page","type-page","status-publish","hentry"],"_links":{"self":[{"href":"https:\/\/www.rfv-huenfeld.de\/wp\/index.php?rest_route=\/wp\/v2\/pages\/2225","targetHints":{"allow":["GET"]}}],"collection":[{"href":"https:\/\/www.rfv-huenfeld.de\/wp\/index.php?rest_route=\/wp\/v2\/pages"}],"about":[{"href":"https:\/\/www.rfv-huenfeld.de\/wp\/index.php?rest_route=\/wp\/v2\/types\/page"}],"author":[{"embeddable":true,"href":"https:\/\/www.rfv-huenfeld.de\/wp\/index.php?rest_route=\/wp\/v2\/users\/2"}],"replies":[{"embeddable":true,"href":"https:\/\/www.rfv-huenfeld.de\/wp\/index.php?rest_route=%2Fwp%2Fv2%2Fcomments&post=2225"}],"version-history":[{"count":49,"href":"https:\/\/www.rfv-huenfeld.de\/wp\/index.php?rest_route=\/wp\/v2\/pages\/2225\/revisions"}],"predecessor-version":[{"id":2893,"href":"https:\/\/www.rfv-huenfeld.de\/wp\/index.php?rest_route=\/wp\/v2\/pages\/2225\/revisions\/2893"}],"up":[{"embeddable":true,"href":"https:\/\/www.rfv-huenfeld.de\/wp\/index.php?rest_route=\/wp\/v2\/pages\/32"}],"wp:attachment":[{"href":"https:\/\/www.rfv-huenfeld.de\/wp\/index.php?rest_route=%2Fwp%2Fv2%2Fmedia&parent=2225"}],"curies":[{"name":"wp","href":"https:\/\/api.w.org\/{rel}","templated":true}]}}