{"id":2792,"date":"2018-01-26T13:36:41","date_gmt":"2018-01-26T13:36:41","guid":{"rendered":"http:\/\/www.rfv-huenfeld.de\/wp\/?page_id=2792"},"modified":"2026-02-20T05:33:25","modified_gmt":"2026-02-20T05:33:25","slug":"termine-2018","status":"publish","type":"page","link":"https:\/\/www.rfv-huenfeld.de\/wp\/?page_id=2792","title":{"rendered":"Termine 2026"},"content":{"rendered":"\n<h2 class=\"wp-block-heading\">21.-22.03.2026 DRESSUR LEHRGANG bei Hannah Br\u00e4hler<\/h2>\n\n\n\n<p class=\"wp-block-paragraph\">Hannah Br\u00e4hler ist erfolgreiche Dressurreiterin bis zur Klasse S und bildet Pferde jeden Alters aus. Ihr Fokus liegt auf Harmonie, Durchl\u00e4ssigkeit und feiner, individueller Hilfengebung f\u00fcr Einsteiger wie Turnierreiter.<br><br>21.-22. M\u00e4rz 2026<br>1 Reiter pro 30 Minuten<br>75\u20ac f\u00fcr Vereinsmitglieder<br>95\u20ac f\u00fcr nicht Mitglieder ((Hallengeb\u00fchr inbegriffen)<br><br>Anmeldung: Sarah Schratz, 0170- 9992893<\/p>\n\n\n\n<div data-wp-interactive=\"core\/file\" class=\"wp-block-file\"><object data-wp-bind--hidden=\"!state.hasPdfPreview\" hidden class=\"wp-block-file__embed\" data=\"https:\/\/www.rfv-huenfeld.de\/wp\/wp-content\/uploads\/2026\/01\/21.-22.03.2026-Dressurlehrgang-Braehler.pdf\" type=\"application\/pdf\" style=\"width:100%;height:600px\" aria-label=\"Einbettung von 21.-22.03.2026- Dressurlehrgang- Br\u00e4hler.\"><\/object><a id=\"wp-block-file--media-290b2d18-594b-4015-bafe-0eb3181e5f38\" href=\"https:\/\/www.rfv-huenfeld.de\/wp\/wp-content\/uploads\/2026\/01\/21.-22.03.2026-Dressurlehrgang-Braehler.pdf\">21.-22.03.2026- Dressurlehrgang- Br\u00e4hler<\/a><a href=\"https:\/\/www.rfv-huenfeld.de\/wp\/wp-content\/uploads\/2026\/01\/21.-22.03.2026-Dressurlehrgang-Braehler.pdf\" class=\"wp-block-file__button wp-element-button\" download aria-describedby=\"wp-block-file--media-290b2d18-594b-4015-bafe-0eb3181e5f38\">Herunterladen<\/a><\/div>\n\n\n\n<h2 class=\"wp-block-heading\">21.-22.02.2026 SPRING\/STANGEN LEHRGANG bei Dora Kohrock<\/h2>\n\n\n\n<p class=\"wp-block-paragraph\">Dora ist gelernte Bereiterin und kann zahlreiche Platzierungen und Siege bis zur Klasse S** aufweisen. Mittlerweile widmet sie sich der Ausbildung junger Pferde und Reiter.<br><br>21.-22. Februar 2026<br>3 Reiter pro 1 Stunde<br>75\u20ac f\u00fcr Vereinsmitglieder<br>95\u20ac f\u00fcr nicht Mitglieder (Hallengeb\u00fchr inbegriffen)<br><br>Anmeldung: Sarah Schratz, 0170- 9992893<\/p>\n\n\n\n<div data-wp-interactive=\"core\/file\" class=\"wp-block-file\"><object data-wp-bind--hidden=\"!state.hasPdfPreview\" hidden class=\"wp-block-file__embed\" data=\"https:\/\/www.rfv-huenfeld.de\/wp\/wp-content\/uploads\/2026\/01\/21.-22.02.2026-Springlehrgang-Kohrock.pdf\" type=\"application\/pdf\" style=\"width:100%;height:600px\" aria-label=\"Einbettung von 21.-22.02.2026- Springlehrgang- Kohrock.\"><\/object><a id=\"wp-block-file--media-0a4187c0-2d0a-4349-bd3a-c7bb011e70c3\" href=\"https:\/\/www.rfv-huenfeld.de\/wp\/wp-content\/uploads\/2026\/01\/21.-22.02.2026-Springlehrgang-Kohrock.pdf\">21.-22.02.2026- Springlehrgang- Kohrock<\/a><a href=\"https:\/\/www.rfv-huenfeld.de\/wp\/wp-content\/uploads\/2026\/01\/21.-22.02.2026-Springlehrgang-Kohrock.pdf\" class=\"wp-block-file__button wp-element-button\" download aria-describedby=\"wp-block-file--media-0a4187c0-2d0a-4349-bd3a-c7bb011e70c3\">Herunterladen<\/a><\/div>\n\n\n\n<p class=\"wp-block-paragraph\"><\/p>\n\n\n\n<h2 class=\"wp-block-heading\">27.03.2026 Mitgliederversammlung<\/h2>\n\n\n\n<p class=\"wp-block-paragraph\">Einladung zur JHV 2026 am Freitag, 27.03.2026 um 19:30 Uhr<\/p>\n\n\n\n<div data-wp-interactive=\"core\/file\" class=\"wp-block-file\"><object data-wp-bind--hidden=\"!state.hasPdfPreview\" hidden class=\"wp-block-file__embed\" data=\"https:\/\/www.rfv-huenfeld.de\/wp\/wp-content\/uploads\/2026\/02\/Einladung-JHV-2026-Homepage.pdf\" type=\"application\/pdf\" style=\"width:100%;height:600px\" aria-label=\"Einbettung von Einladung-JHV-2026-Homepage.\"><\/object><a id=\"wp-block-file--media-2652c6b5-56aa-4203-93e5-2e73ad3aa894\" href=\"https:\/\/www.rfv-huenfeld.de\/wp\/wp-content\/uploads\/2026\/02\/Einladung-JHV-2026-Homepage.pdf\">Einladung-JHV-2026-Homepage<\/a><a href=\"https:\/\/www.rfv-huenfeld.de\/wp\/wp-content\/uploads\/2026\/02\/Einladung-JHV-2026-Homepage.pdf\" class=\"wp-block-file__button wp-element-button\" download aria-describedby=\"wp-block-file--media-2652c6b5-56aa-4203-93e5-2e73ad3aa894\">Herunterladen<\/a><\/div>\n\n\n\n<h2 class=\"wp-block-heading\">25.-26.04.2026 Gel\u00e4ndelehrgang J\u00f6rn Warner<br><\/h2>\n\n\n\n<p class=\"wp-block-paragraph\">Hier ein Flyer f\u00fcr den Gel\u00e4ndelehrgang am 25. und 26. April 2026 mit J\u00f6rn Warner.<br>J\u00f6rn Warner ist Pferdewirtschaftsmeister (Reiten &amp; Zucht, Haltung und Service) und erfolgreich in der Vielseitigkeit bis auf 4*-Niveau. Au\u00dferdem ist er Landestrainer unserer hessischen Vielseitigkeitsreiter.<br>Am Samstagabend verbringt J\u00f6rn mit uns einen gem\u00fctlichen Abend im Reiterst\u00fcbchen. Wir schauen gemeinsam das Gel\u00e4nde des 5*-Klassiker in Kentucky. Dazu laden wir alle Teilnehmer und Interessierte herzlich ein.<\/p>\n\n\n\n<div data-wp-interactive=\"core\/file\" class=\"wp-block-file\"><object data-wp-bind--hidden=\"!state.hasPdfPreview\" hidden class=\"wp-block-file__embed\" data=\"https:\/\/www.rfv-huenfeld.de\/wp\/wp-content\/uploads\/2025\/12\/Gelaendelehrgang-Huenfeld-Warner-2026.pdf\" type=\"application\/pdf\" style=\"width:100%;height:600px\" aria-label=\"Einbettung von Gel\u00e4ndelehrgang H\u00fcnfeld Warner 2026.\"><\/object><a id=\"wp-block-file--media-fd165050-f549-4b4b-9016-f9318cc11e3f\" href=\"https:\/\/www.rfv-huenfeld.de\/wp\/wp-content\/uploads\/2025\/12\/Gelaendelehrgang-Huenfeld-Warner-2026.pdf\">Gel\u00e4ndelehrgang H\u00fcnfeld Warner 2026<\/a><a href=\"https:\/\/www.rfv-huenfeld.de\/wp\/wp-content\/uploads\/2025\/12\/Gelaendelehrgang-Huenfeld-Warner-2026.pdf\" class=\"wp-block-file__button wp-element-button\" download aria-describedby=\"wp-block-file--media-fd165050-f549-4b4b-9016-f9318cc11e3f\">Herunterladen<\/a><\/div>\n\n\n\n<h2 class=\"wp-block-heading\"><\/h2>\n\n\n\n<p class=\"wp-block-paragraph\"><\/p>\n","protected":false},"excerpt":{"rendered":"<p>21.-22.03.2026 DRESSUR LEHRGANG bei Hannah Br\u00e4hler Hannah Br\u00e4hler ist erfolgreiche Dressurreiterin bis zur Klasse S und bildet Pferde jeden Alters aus. Ihr Fokus liegt auf Harmonie, Durchl\u00e4ssigkeit und feiner, individueller Hilfengebung f\u00fcr Einsteiger wie Turnierreiter. 21.-22. M\u00e4rz 20261 Reiter pro 30 Minuten75\u20ac f\u00fcr Vereinsmitglieder95\u20ac f\u00fcr nicht Mitglieder ((Hallengeb\u00fchr inbegriffen) Anmeldung: Sarah Schratz, 0170- 9992893 21.-22.02.2026 &hellip; <a href=\"https:\/\/www.rfv-huenfeld.de\/wp\/?page_id=2792\" class=\"more-link\"><span class=\"screen-reader-text\">Termine 2026<\/span> weiterlesen <span class=\"meta-nav\">&rarr;<\/span><\/a><\/p>\n","protected":false},"author":2,"featured_media":0,"parent":0,"menu_order":0,"comment_status":"closed","ping_status":"closed","template":"","meta":{"_crdt_document":"","footnotes":""},"class_list":["post-2792","page","type-page","status-publish","hentry"],"_links":{"self":[{"href":"https:\/\/www.rfv-huenfeld.de\/wp\/index.php?rest_route=\/wp\/v2\/pages\/2792","targetHints":{"allow":["GET"]}}],"collection":[{"href":"https:\/\/www.rfv-huenfeld.de\/wp\/index.php?rest_route=\/wp\/v2\/pages"}],"about":[{"href":"https:\/\/www.rfv-huenfeld.de\/wp\/index.php?rest_route=\/wp\/v2\/types\/page"}],"author":[{"embeddable":true,"href":"https:\/\/www.rfv-huenfeld.de\/wp\/index.php?rest_route=\/wp\/v2\/users\/2"}],"replies":[{"embeddable":true,"href":"https:\/\/www.rfv-huenfeld.de\/wp\/index.php?rest_route=%2Fwp%2Fv2%2Fcomments&post=2792"}],"version-history":[{"count":126,"href":"https:\/\/www.rfv-huenfeld.de\/wp\/index.php?rest_route=\/wp\/v2\/pages\/2792\/revisions"}],"predecessor-version":[{"id":5880,"href":"https:\/\/www.rfv-huenfeld.de\/wp\/index.php?rest_route=\/wp\/v2\/pages\/2792\/revisions\/5880"}],"wp:attachment":[{"href":"https:\/\/www.rfv-huenfeld.de\/wp\/index.php?rest_route=%2Fwp%2Fv2%2Fmedia&parent=2792"}],"curies":[{"name":"wp","href":"https:\/\/api.w.org\/{rel}","templated":true}]}}