{"id":2826,"date":"2018-03-18T08:55:36","date_gmt":"2018-03-18T08:55:36","guid":{"rendered":"http:\/\/www.rfv-huenfeld.de\/wp\/?page_id=2826"},"modified":"2018-10-23T10:20:09","modified_gmt":"2018-10-23T10:20:09","slug":"berichte-2018","status":"publish","type":"page","link":"https:\/\/www.rfv-huenfeld.de\/wp\/?page_id=2826","title":{"rendered":"Berichte 2018"},"content":{"rendered":"<p><span style=\"text-decoration: underline;\"><strong>01.10. bis 11.10.2018, Abzeichenlehrgang<\/strong><\/span><br \/>\n<a href=\"https:\/\/www.rfv-huenfeld.de\/wp\/wp-content\/uploads\/2018\/10\/Abzeichenlehrgang-10-2018.jpg\" target=\"_blank\" rel=\"noopener\"><img loading=\"lazy\" decoding=\"async\" class=\"alignnone wp-image-3065 size-medium\" src=\"https:\/\/www.rfv-huenfeld.de\/wp\/wp-content\/uploads\/2018\/10\/Abzeichenlehrgang-10-2018-300x199.jpg\" alt=\"\" width=\"300\" height=\"199\" srcset=\"https:\/\/www.rfv-huenfeld.de\/wp\/wp-content\/uploads\/2018\/10\/Abzeichenlehrgang-10-2018-300x199.jpg 300w, https:\/\/www.rfv-huenfeld.de\/wp\/wp-content\/uploads\/2018\/10\/Abzeichenlehrgang-10-2018-768x510.jpg 768w, https:\/\/www.rfv-huenfeld.de\/wp\/wp-content\/uploads\/2018\/10\/Abzeichenlehrgang-10-2018-1024x680.jpg 1024w\" sizes=\"auto, (max-width: 300px) 100vw, 300px\" \/><\/a><br \/>\nGut besucht war der Reitabzeichenlehrgang, den der RFV H\u00fcnfeld auf seiner Reitanlage unter Leitung von Trainerin Verena Laufer ausgetragen hatte. Sowohl Einsteiger als auch Turnierreiter stellten sich nach der einw\u00f6chigen Ausbildung den beiden Richtern Michael B\u00f6rner und Erik Schlaudraff, die sich freuten, am Ende allen Beteiligten ihr Lob f\u00fcr den Flei\u00df, Disziplin und Freude an der Zusammenarbeit mit den Vierbeinern aussprachen. Der stellvertredende Vorsitzende, Matthias Pappert bedankte sich bei allen Beteiligten und \u00fcberreichte ein kleines Pr\u00e4sent an Verena Laufer f\u00fcr die gute Orga und die gute Vorbereitung Ihrer &#8222;Sch\u00fctzlinge&#8220;.<\/p>\n<p><em>Es bestanden:<\/em><br \/>\nLongierabzeichen LA 4:Miriam Kirsten (Gesamt- Note: 8,8)<br \/>\nRA 4: Marie D\u00f6rr (Gesamt- Note: 6,9)<br \/>\nRA 5: Laura Balzer (Gesamt- Note 7,4), Luisa Jost (Gesamt- Note 7,0), Jessica Kirsten (Gesamt- Note 6,8), Janine R\u00fcppner (Gesamt- Note 7,5), Lisa Seifert (Gesamt- Note 6,6), Josephine Ungar(Gesamt- Note 6,8)<br \/>\nRA 8: Marlies Klamt, Luise K\u00f6hne- Volland, Emma Schmidt<br \/>\nRA 9: Leonie Felix, Tabea Reichert, Hanna Waider<br \/>\nBasispass Pferdekunde: Violetta Horn, Celina Kavalirek, Marlies Klamt.<br \/>\n[nggallery id=51]<\/p>\n<p>&nbsp;<\/p>\n<p><span style=\"text-decoration: underline;\"><strong>Hier ein paar Bilder von den beiden Turnieren:<\/strong><\/span><br \/>\n[nggallery id=50]<\/p>\n<p><span style=\"text-decoration: underline;\"><strong>21.08.2018 Bericht HZ Turnier vom 18.-19.08.2018<\/strong><\/span><br \/>\n<a href=\"https:\/\/www.rfv-huenfeld.de\/wp\/wp-content\/uploads\/2018\/08\/20180821-HZ-Turnier-VS.pdf\">20180821-HZ-Turnier-VS<\/a><\/p>\n<p><span style=\"text-decoration: underline;\"><strong>17.08.2018 Vorbericht HZ Turnier vom 18.-19.08.2018<\/strong><\/span><br \/>\n<a href=\"https:\/\/www.rfv-huenfeld.de\/wp\/wp-content\/uploads\/2018\/08\/20180817-HZ-Vorbericht-VS.pdf\" target=\"_blank\" rel=\"noopener\">20180817-HZ-Vorbericht-VS<\/a><\/p>\n<p><span style=\"text-decoration: underline;\"><strong>14.08.2018 Bericht HZ Turnier vom 10.-12.08.2018<\/strong><\/span><br \/>\n<a href=\"https:\/\/www.rfv-huenfeld.de\/wp\/wp-content\/uploads\/2018\/08\/20180814-HZ-Turnier.pdf\" target=\"_blank\" rel=\"noopener\">20180814-HZ-Turnier<\/a><\/p>\n<p><span style=\"text-decoration: underline;\"><strong>10.08.2018 Vorbericht HZ Turnier vom 10.-12.08.2018<\/strong><\/span><br \/>\n<a href=\"https:\/\/www.rfv-huenfeld.de\/wp\/wp-content\/uploads\/2018\/08\/20180810-HZ-Vorbericht-Turnier-01.pdf\" target=\"_blank\" rel=\"noopener\">20180810-HZ-Vorbericht-Turnier-01<\/a><\/p>\n<p><span style=\"text-decoration: underline;\"><strong>08.08.2018 Bericht HZ Wasserfass vom RFV H\u00fcnfeld<\/strong><\/span><br \/>\n<a href=\"https:\/\/www.rfv-huenfeld.de\/wp\/wp-content\/uploads\/2018\/08\/20180808-HZ-Wasserfass.pdf\" target=\"_blank\" rel=\"noopener\">20180808-HZ-Wasserfass<\/a><\/p>\n<p><span style=\"text-decoration: underline;\"><strong>08.08.2018 Vorbericht Turnier 2018 Marktkorb<\/strong><\/span><br \/>\n<a href=\"https:\/\/www.rfv-huenfeld.de\/wp\/wp-content\/uploads\/2018\/08\/20180808-MK-Vorbericht-www.pdf\" target=\"_blank\" rel=\"noopener\">20180808-MK-Vorbericht-www<\/a><\/p>\n<p><span style=\"text-decoration: underline;\"><strong>18.5.2018 Rasenplatzpflege<br \/>\n<\/strong><\/span>Heute wurde wieder der Rasenplatz durch eine Fachfirma aufbereitet. Hier mal eine kurze Erkl\u00e4rung, was wir nun schon seit \u00fcber 6 Jahren f\u00fcr eine guten Springplatz\/ Sportfl\u00e4che tun\u2026.<\/p>\n<p><span style=\"font-size: 10pt;\"><em><span style=\"text-decoration: underline;\"><strong>1. Aerifizieren<\/strong><\/span><\/em><\/span><br \/>\nUnter Aerifizieren versteht man die Bel\u00fcftung des Bodens einer Rasenfl\u00e4che. Mittels sogenannter englisch Spoons (dt. \u201eL\u00f6ffel\u201c) eines Aerifizierger\u00e4tes werden 5 bis 9 cm tiefe L\u00f6cher in die Rasenfl\u00e4che gestochen. Diese besitzen meist einen Durchmesser von 1 bis 2 cm. Durch den auch &#8222;Stacheln&#8220; genannten Vorgang wird die Bodenverdichtung aufgebrochen, es erfolgt ein Gasaustausch, somit wird das Bodenleben der aeroben Bakterien und das Rasenwachstum gef\u00f6rdert. Die entstandenen L\u00f6cher werden anschlie\u00dfend mit Sand verf\u00fcllt. In vielen F\u00e4llen werden dem Sand zus\u00e4tzlich noch Rasensamen und D\u00fcnger beigemischt. Die Behandlung mit einem Aerifizierger\u00e4t kuriert zumeist Staun\u00e4ssen und Mooswachstum. Staun\u00e4sse entsteht, wenn der Boden stark verdichtet ist, wie es beispielsweise bei Ton- oder Lehmb\u00f6den der Fall ist. Das Regenwasser wird daran gehindert, in den Boden einzudringen und staut sich an, oder aber das Grundwasser dr\u00fcckt von unten nach oben und kann ebenfalls nicht durchdringen. Die Folge ist ein Wurzelsterben; das Gras stirbt ab. Aerifizieren ist nicht zu verwechseln mit dem Vertikutieren. Beim Vertikutieren erfolgt die Behandlung der Rasenoberfl\u00e4che, das Aerifizieren hingegen bearbeitet den Boden. Die Ziele des Aerifizierens sind eine tiefenwirksame Auflockerung des Bodens sowie eine Art Drainage, sodass das Regenwasser wieder ungehindert abflie\u00dfen kann und die Wurzeln bel\u00fcftet werden k\u00f6nnen.<br \/>\nIm Anschluss an das Aerifizieren wird &#8211; sofern nicht w\u00e4hrend der Besandung bereits erfolgt &#8211; eine Nachsaat und eine D\u00fcngung durchgef\u00fchrt.<br \/>\nDie Verti-Drain Parallelogrammtechnik lockert und bel\u00fcftet mit den Vollmei\u00dfeln das Erdreich bis zu 40 cm tief. Der Rasen ist dadurch dauerhaft belastbar. Mit Hilfe von Vollspoons wird der aufgebrachte Oberboden mit den unteren Schichten verzahnt. Der dort abgelagerte D\u00fcnger wird wieder f\u00fcr die Pflanze verf\u00fcgbar. Die Rasenoberfl\u00e4che ist nach der Bearbeitung sofort benutzbar.<\/p>\n<p><span style=\"text-decoration: underline; font-size: 10pt;\"><strong>2. Vertikutieren<\/strong><\/span><br \/>\nVERTIKUTIERSTRIEGEL &#8211; MECHANISCHE UNKRAUTBEK\u00c4MPFUNG<br \/>\nDie Zinken des Verti-Rake striegeln durch den Rasen und lockern den Filz. Durch die Bearbeitung k\u00f6nnen Sauerstoff und N\u00e4hrstoffe wieder leichter in den Rasen eindringen, sodass sich die Qualit\u00e4t des Sportrasens verbessert. Die geraden Zinken verhindern, dass sich der Striegel zusetzt. Durch den engen Abstand der Striegelzinken von 7 mm Strichabstand und einer Eigenrotation der Striegelzinken ab Schritttempo ca. 7 km\/h werden die Herzbl\u00e4tter der Kr\u00e4uter angeschlagen.<\/p>\n<p>Hier ein paar Bilder : [nggallery id=49]<\/p>\n<p><span style=\"text-decoration: underline;\"><strong>12.+13.5.2018 Vielseitigkeitslehrgang<\/strong><\/span><\/p>\n<p>Unter der Leitung von Dieter Hesselbach, bekannter deutscher Vielseitigkeitsmeister 1987, und aktiver Richter, f\u00fchrte der Reit- und Fahrverein H\u00fcnfeld e.V. am 12. und 13.05.2018 einen Vielseitigkeitslehrgang durch. Der Ausschreibung des Reit- und Fahrvereins H\u00fcnfeld e.V. folgten ca. 18 BuschreiterInnen, die in 3er-Gruppen trainierten. Auf der idyllisch gelegenen Anlage und der Gel\u00e4ndestrecke rund um den Haselsee fanden die TeilnehmerInnen mit ihren Pferden optimale Bedingungen bei strahlendem Sonnenschein vor. Christian Laufer, der mit seinem Team bereits seit einigen Wochen unerm\u00fcdlichen Einsatz brachte, und viele einladende Hindernisse baute, freute sich \u00fcber das positive Feedback der ReiterInnen.<br \/>\nDie Strecke verf\u00fcgt inzwischen \u00fcber insgesamt 42 Hindernisse verschiedener Schwierigkeitsgrade. Die Lehrgangsteilnehmer ritten beispielsweise \u00fcber dicke Baumst\u00e4mme, Billiard, Hoch- und Tiefspr\u00fcnge, galoppierten Bergauf und Bergab, \u00fcberwanden Trakehner und Gr\u00e4ben, ritten durch flie\u00dfendes Gew\u00e4sser und vieles mehr.<br \/>\nAuch den Zuschauern pr\u00e4sentierten sich wundersch\u00f6ne Bilder. Hierf\u00fcr noch einmal ein dickes Lob und Dankesch\u00f6n!<br \/>\nEinige wenige Lehrgangsteilnehmer, die eine l\u00e4ngere Anreise hatten, konnten sich auf der Reitanlage f\u00fcr ihre Pferde Boxen anmieten. Die Reiter wurden mit ihren Pferden sehr gastfreundlich empfangen und gut versorgt.<br \/>\nEs war ein rundum lehrreiches, gelungenes Wochenende und machte allen sehr viel Spa\u00df!<br \/>\n<span style=\"text-decoration: underline;\"><em>Text: Silvia K\u00f6ppel<\/em><\/span><\/p>\n<p>Hier ein paar Bilder : [nggallery id=48]<\/p>\n<p><span style=\"text-decoration: underline;\"><strong>1.05.2018 WBO- Turnier<\/strong><\/span><br \/>\nAm Maifeiertag starteten viele Reitschulkinder, die bereits \u00fcber gute Reitkenntnisse verf\u00fcgen, bei Reiterwettbewerben in Dressur und Springen. Dar\u00fcber hinaus kamen Turniersportler aus dem gesamten Kreisreiterbund Fulda, um sich in den sechs Wettk\u00e4mpfen zu messen und ihre Form f\u00fcr die neue Saison auf den Pr\u00fcfstand zu stellen. F\u00fcr alle gab es sch\u00f6ne Ehrenpreise und die begehrten Schleifen. Am Nachmittag zogen die Springpr\u00fcfungen auch Zuschauer an, die beim Maiausflug oder Familienspaziergang am Haselsee vorbeischauten.<\/p>\n<p>Hier ein paar Bilder : [nggallery id=47]<\/p>\n<p><span style=\"text-decoration: underline;\"><strong>29.4.2018 Fr\u00fchlingsrally<br \/>\n<\/strong><\/span>Jugend reitet beim RFV H\u00fcnfeld<br \/>\nDer RFV H\u00fcnfeld veranstaltete am 29.4.2018 eine Fr\u00fchlingsrally, die in erster Linie f\u00fcr die Reiterjugend ausgerichtet wurden. Begonnen wurde am Sonntag f\u00fcr die Reitschulkinder, hier standen kleine Wettbewerbe bei Ponyspielen auf dem Programm. Vier Teams mit Kindern von vier bis 14 Jahren lie\u00dfen die Kinderaugen strahlen, die verschiedene Aufgaben wie Ballpolo oder Blumenpfl\u00fccken vom Pferd aus, mit gro\u00dfem Eifer und Spa\u00df zu absolvieren hatten. Die Jury und Hauptorganisatoren vom Jugendteam des RFV H\u00fcnfeld, Marie D\u00f6rr und Miriam Kirsten mit ihrem Helferestab, z\u00e4hlten fast 25 kleine Pferdesportler.<br \/>\n<em>Als Sieger ging das Team \u201eSirius\u201c hervor.<\/em><\/p>\n<p>Hier ein paar Bilder : [nggallery id=46]<\/p>\n<p><span style=\"text-decoration: underline;\"><strong>7.-8.4.2018 Tag des Ehrenamtes f\u00fcr Nachwuchs-Ehrenamtler<\/strong><\/span><br \/>\nVom 7.-8.4.2018 fand im Gartenbauzentrum in Gr\u00fcnberg eine Schulungsma\u00dfnahme f\u00fcr Nachwuchsehrenamtler statt. Der PSV Hessen sorgte f\u00fcr eine tolle Unterkunft, sehr gute Verpflegung und interessante Referenten.<br \/>\nDas Themengebiet der Vortr\u00e4ge war breit gef\u00e4chert, so ging es beispielsweise um die &#8222;Karrierechance Ehrenamt&#8220; (Referent: Christian Huslik), welcher die Vorteile ehrenamtlicher T\u00e4tigkeit f\u00fcr die Zukunft thematisierte. Sehr interessant war ebenfalls das Themengebiet \u201eKonftliktl\u00f6sung&#8220; (Referenten: Martin Appel und Lena Koch), wobei an praxisnahen Beispielen verschiedene L\u00f6sungsm\u00f6glichkeiten f\u00fcr allerlei Konflikte aufgezeigt wurden. Auch die Vortr\u00e4ge von Robert Kuypers (PSV Hessen), Dr. Wolfgang Kubens und Christoph Daniel (Sportjugend Hessen) waren interessant und zeigten viele neue M\u00f6glichkeiten f\u00fcr Ehrenamtler und die Jugendarbeit auf. Die \u201ebest practice&#8220; Beispiele (u.a. RFV H\u00fcnfeld e.V., Vortrag vom Vorsitzenden Christoph Kiel) zeigten wie erfolgreiche ehrenamtliche Arbeit aussehen und was sie bewirken kann.<br \/>\nMiriam Kirsten, Marie D\u00f6rr und Luisa Jost vertraten den KRB Fulda und im Besonderen unseren Verein.<\/p>\n<p><em><span style=\"text-decoration: underline;\">Zitat der 3 jungen Nachwuchs- Ehrenamtlerinnen:<\/span><br \/>\n\u201eIn der Gruppe von ca. 30 Personen konnten wir uns rege austauschen und haben Abends bis sp\u00e4t in die Nacht geredet, diskutiert und neue Bekanntschaften geschlossen. Insgesamt war es eine interessante, lehrreiche und gut organisierte Veranstaltung, die wir jederzeit wieder besuchen und jedem weiterempfehlen k\u00f6nnen\u201c.<\/em><\/p>\n<p>Hier ein paar Bilder : [nggallery id=45]<\/p>\n<p><span style=\"text-decoration: underline;\"><strong>23.03.2018 Jahreshauptversammlung\u00a0 2018<\/strong><\/span><br \/>\n<em>Presseartikel aus der H\u00fcnfelder Zeitung vom 29.03.2018<br \/>\n<a href=\"https:\/\/www.rfv-huenfeld.de\/wp\/wp-content\/uploads\/2018\/03\/20180329-H\u00fcnfelder-Zeitung-JHV-20180323.pdf\" target=\"_blank\" rel=\"noopener\">20180329-H\u00fcnfelder Zeitung- JHV-20180323<\/a><br \/>\n<\/em><\/p>\n<p><strong><span style=\"text-decoration: underline;\">24.03.2018 Jugendcup 2018<\/span><\/strong><br \/>\n<span style=\"font-size: 10pt;\"><em>Presseartikel aus der H\u00fcnfelder Zeitung vom 27.03.2018<\/em><\/span><br \/>\n<a href=\"https:\/\/www.rfv-huenfeld.de\/wp\/wp-content\/uploads\/2018\/03\/20180327-TZ-H\u00fcnfelder-Zeitung-Sport-pag-28.pdf\" target=\"_blank\" rel=\"noopener\">20180327-TZ &#8211; H\u00fcnfelder Zeitung &#8211; Sport &#8211; pag 28<\/a><br \/>\nNunmehr zum sechsten Mal veranstaltete der Kreisreiterbund Fulda unter der Regie seiner Jugendwartin Anna Woytaszek gemeinsam mit f\u00fcnf teilnehmenden Vereinen und sechs Teams in zwei Ringen den Jugendcup. Auch diesmal war die Veranstaltung sehr erfolgreich \u2013 und es gab dank der zwei Ringe auch zwei Sieger: Die jungen Reitsportler vom vom Berishof in Flieden aus dem RFV K\u00f6nigreich Flieden und die Ponyfreunde Buchenau vom RFV Eiterfeld freuten sich riesig \u00fcber den gro\u00dfen Erfolg und die damit verbundene Teilnahme am Regional-Finale in Ziegenhain am 29. April in Ziegenhain. Bei jeweils drei Veranstaltungen, bei denen sich die Gastreiter jeweils auf neue Gegebenheiten einstellen mussten, blieb es bis zum Schluss spannend. F\u00fcr viele Neuland und eine gro\u00dfe Herausforderung war vor allem, sich bei den Gastgebern auf immer neue Pferde einstellen zu m\u00fcssen. Dabei waren die engagierten Trainer Verena Laufer (H\u00fcnfeld), Yvonne Sch\u00f6n (Eiterfeld), Uschi H\u00f6hler (Pferde St\u00e4rken Fulda), Karin Schweder (RC Fulda) und Ariane Reinke-Becker (Flieden) behilflich. Die Fliedener holten am letzten Tag noch einmal kr\u00e4ftig mit ihren reiterlichen Vorstellungen auf und setzten sich am Ende mit 546,5 Z\u00e4hlern an die Spitze vor H\u00fcnfeld mit 537,5 Punkten und Pferde St\u00e4rken mit 510,5 Z\u00e4hlern. Im zweiten Ring siegte klar der RFV Eiterfeld mit 541,5 Punkten vor dem Reitclub Fulda mit 525 Z\u00e4hlern und den Pferde St\u00e4rken mit 520,5 Punkten. Die Pferde St\u00e4rken stellten gleich zwei Mannschaften und erm\u00f6glichten ihren Reitsch\u00fclern einen Einblick in die Turnierreiterei, die nicht nur den Sportlern sondern auch den Eltern riesigen Spa\u00df bereitet haben.<br \/>\nEin gro\u00dfes Lob ging an die Trainer, die mit viel M\u00fche und Engagement ihre Sch\u00fctzlinge sowohl reiterlich als auch theoretisch auf die gro\u00dfe Herausforderung vorbereitet haben. Der jeweils ausrichtende Verein stellte die Pferde und alle ritten zun\u00e4chst eine kleine Dressurpr\u00fcfung, die im Anschluss von den jeweils anwesenden Richtern Heinz Kunstmann, Georg Sch\u00e4fer, Erik Schlaudraff und Ute Baron mit den Teilnehmern besprochen wurden. Die ehemalige Jugendwartin des KRB Fulda, Marion Sch\u00fctz, lie\u00df es sich nicht nehmen, gleich zweimal als Richterin aufzutreten und freute sich ebenfalls \u00fcber den gro\u00dfen Erfolg des Jugendcups, der sich in all den Jahren hervorragend entwickelt habe und einen festen Platz in der Nachwuchsarbeit inne habe. Nach der Theorie in Form von Frageb\u00f6gen gab es f\u00fcr die Teilnehmer eine kleine Ehrung mit Schleifen und kleinen Pr\u00e4senten. \u201eDer Jugendcup wird vom Kreisreiterbund Fulda mit gro\u00dfem Ehrgeiz betrieben, schlie\u00dflich lebt die Reiterei von der Arbeit an der Basis\u201c, bewerten die Vorsitzende Barbara Kiel und die Jugendwartin Anna Woytaszek den Jugendcup, aus dem in den vergangenen Jahren schon einige Reiter, die mittlerweile im Turniersport starten, hervorgegangen sind.<br \/>\n<em><span style=\"text-decoration: underline;\">Teilnehmer RFV H\u00fcnfeld:<\/span><\/em><br \/>\nJanine R\u00fcppner \/ Sirius<br \/>\nXenia Pospiech \/ Stolly<br \/>\nJessica Kirsten \/ Nicki<br \/>\nJosefine Unger \/ Lotte<\/p>\n<p>Hier ein paar Bilder : [nggallery id=44]<\/p>\n<p><strong><span style=\"text-decoration: underline;\">24.+25.02.2018 Dressurlehrgang mit Peter Fil\u00df<\/span><br \/>\n<\/strong>Dressurlehrgang zur Vorbereitung auf die kommende Saison. Der Lehrgang war offen f\u00fcr alle Klassen und besonders interessant f\u00fcr Reiter und Reiterinnen die in der kommenden Turniersaison eine Klasse h\u00f6her starten wollen.<br \/>\nDanken m\u00f6chten wir an dieser Stelle Herrn Peter Fil\u00df f\u00fcr den sehr guten Dressurlehrgang. F\u00fcr die Organisation vor und w\u00e4hrend des Lehrganges m\u00f6chten wir uns nat\u00fcrlich auch bei Ann-Katrin Dietz, Elke Fichtinger und bei Verena Laufer und Ihrem Team recht herzlich bedanken\u2026.es hat mal wieder an nichts gefehlt.<br \/>\n<u>Teilnehmer:<br \/>\n<\/u> <em><span style=\"font-size: 10pt;\">Malkmus Laura, Fichtinger Luca, Malkmus Jana, Schulz Julia, Laun Milena, Kirsten Miriam, Lenk Daniela, D\u00f6rr Marie, R\u00fcppner Janine, Pospiech Xenia, Ungar Josephine, Kirsten Jessica, B\u00fcrgermeister Janine, Moazzeni Anna, Moazzeni Laura, Gerhard Pauline, Wilhelm Hannah, Ungar Sue-Ann, Balzer Laura, Seiffert Lisa und Seiffert Jasmin<br \/>\n<\/span><\/em><span style=\"text-decoration: underline;\"><span style=\"font-size: 10pt;\"><span style=\"font-size: 12pt;\">Hier ein paar Fotos:<\/span><\/span><\/span><em><span style=\"font-size: 10pt;\"><br \/>\n<\/span><\/em><span style=\"font-size: 12pt;\">[nggallery id=42]<\/span><em><span style=\"font-size: 10pt;\"><br \/>\n<\/span><\/em><\/p>\n<p><strong><span style=\"text-decoration: underline;\">09.+11.03.2018 Springlehrgang mit Jens Wawrauschek<\/span><br \/>\n<\/strong>Springlehrgang zur Vorbereitung auf die kommende Saison. Der Lehrgang war offen f\u00fcr alle Klassen und besonders interessant f\u00fcr Reiter und Reiterinnen die in der kommenden Turniersaison eine Klasse h\u00f6her starten wollen.<br \/>\nDanken m\u00f6chten wir an dieser Stelle Herrn Jens Wawrauschek f\u00fcr den sehr guten Dressurlehrgang. F\u00fcr die Organisation vor und w\u00e4hrend des Lehrganges m\u00f6chten wir uns nat\u00fcrlich auch bei Ann-Katrin Dietz und Elke Fichtinger\u00a0 recht herzlich bedanken\u2026.es hat mal wieder an nichts gefehlt.<br \/>\n<u>Teilnehmer:<br \/>\n<\/u><em><span style=\"font-size: 10pt;\">Oechel Alexander, Laun Milena, Malkmus Laura, Schmidt Rebecca, Schott Saskia, Sch\u00e4fer Corinna, Schulz Julia, Schneemann Lars, Malkmus Jana, Moazzeni Anna, Moazzeni Laura, Aschenbach Frauke, Georgoulis Jana, Feldmann Fritz, Dulz Sabrina, Birkenbach Markus, Niehus Oliver und Malkmus Laura<br \/>\n<\/span><\/em>Hier ein paar Fotos:<em><br \/>\n<\/em>[nggallery id=43]<\/p>\n<p>04.03.2018 und 18.03.2018 Jugendcup 2018<\/p>\n<p>Text folgt noch&#8230;&#8230;<\/p>\n<p>Hier ein paar Fotos (Danke an Luisa Jost f\u00fcr die Bilder):<em><br \/>\n<\/em>[nggallery id=44]<\/p>\n","protected":false},"excerpt":{"rendered":"<p>01.10. bis 11.10.2018, Abzeichenlehrgang Gut besucht war der Reitabzeichenlehrgang, den der RFV H\u00fcnfeld auf seiner Reitanlage unter Leitung von Trainerin Verena Laufer ausgetragen hatte. Sowohl Einsteiger als auch Turnierreiter stellten sich nach der einw\u00f6chigen Ausbildung den beiden Richtern Michael B\u00f6rner und Erik Schlaudraff, die sich freuten, am Ende allen Beteiligten ihr Lob f\u00fcr den Flei\u00df, &hellip; <a href=\"https:\/\/www.rfv-huenfeld.de\/wp\/?page_id=2826\" class=\"more-link\"><span class=\"screen-reader-text\">Berichte 2018<\/span> weiterlesen <span class=\"meta-nav\">&rarr;<\/span><\/a><\/p>\n","protected":false},"author":2,"featured_media":0,"parent":32,"menu_order":7,"comment_status":"closed","ping_status":"closed","template":"","meta":{"_crdt_document":"","footnotes":""},"class_list":["post-2826","page","type-page","status-publish","hentry"],"_links":{"self":[{"href":"https:\/\/www.rfv-huenfeld.de\/wp\/index.php?rest_route=\/wp\/v2\/pages\/2826","targetHints":{"allow":["GET"]}}],"collection":[{"href":"https:\/\/www.rfv-huenfeld.de\/wp\/index.php?rest_route=\/wp\/v2\/pages"}],"about":[{"href":"https:\/\/www.rfv-huenfeld.de\/wp\/index.php?rest_route=\/wp\/v2\/types\/page"}],"author":[{"embeddable":true,"href":"https:\/\/www.rfv-huenfeld.de\/wp\/index.php?rest_route=\/wp\/v2\/users\/2"}],"replies":[{"embeddable":true,"href":"https:\/\/www.rfv-huenfeld.de\/wp\/index.php?rest_route=%2Fwp%2Fv2%2Fcomments&post=2826"}],"version-history":[{"count":45,"href":"https:\/\/www.rfv-huenfeld.de\/wp\/index.php?rest_route=\/wp\/v2\/pages\/2826\/revisions"}],"predecessor-version":[{"id":3069,"href":"https:\/\/www.rfv-huenfeld.de\/wp\/index.php?rest_route=\/wp\/v2\/pages\/2826\/revisions\/3069"}],"up":[{"embeddable":true,"href":"https:\/\/www.rfv-huenfeld.de\/wp\/index.php?rest_route=\/wp\/v2\/pages\/32"}],"wp:attachment":[{"href":"https:\/\/www.rfv-huenfeld.de\/wp\/index.php?rest_route=%2Fwp%2Fv2%2Fmedia&parent=2826"}],"curies":[{"name":"wp","href":"https:\/\/api.w.org\/{rel}","templated":true}]}}