{"id":3143,"date":"2019-01-21T07:37:54","date_gmt":"2019-01-21T07:37:54","guid":{"rendered":"http:\/\/www.rfv-huenfeld.de\/wp\/?page_id=3143"},"modified":"2020-03-22T12:02:44","modified_gmt":"2020-03-22T12:02:44","slug":"berichte-2019","status":"publish","type":"page","link":"https:\/\/www.rfv-huenfeld.de\/wp\/?page_id=3143","title":{"rendered":"Berichte 2019"},"content":{"rendered":"\n<h2 class=\"wp-block-heading\">16.01.2019 Geburtstagsaufritt<br>Eberhard Fennel zum 70.<\/h2>\n\n\n\n<p class=\"wp-block-paragraph\"><strong>Hier ein paar Bilder vom Geburtstagsaufritt<\/strong><br>[nggallery id=54] <\/p>\n\n\n\n<h2 class=\"wp-block-heading\">20.01.2019 Jugendevent PSV Hessen in Herbstein&nbsp;<\/h2>\n\n\n\n<figure class=\"wp-block-image\"><img loading=\"lazy\" decoding=\"async\" width=\"1024\" height=\"576\" src=\"https:\/\/www.rfv-huenfeld.de\/wp\/wp-content\/uploads\/2019\/01\/20190120-Jugendevent-PSV-Hessen-Herbstein-1024x576.jpg\" alt=\"\" class=\"wp-image-3148\" srcset=\"https:\/\/www.rfv-huenfeld.de\/wp\/wp-content\/uploads\/2019\/01\/20190120-Jugendevent-PSV-Hessen-Herbstein-1024x576.jpg 1024w, https:\/\/www.rfv-huenfeld.de\/wp\/wp-content\/uploads\/2019\/01\/20190120-Jugendevent-PSV-Hessen-Herbstein-300x169.jpg 300w, https:\/\/www.rfv-huenfeld.de\/wp\/wp-content\/uploads\/2019\/01\/20190120-Jugendevent-PSV-Hessen-Herbstein-768x432.jpg 768w, https:\/\/www.rfv-huenfeld.de\/wp\/wp-content\/uploads\/2019\/01\/20190120-Jugendevent-PSV-Hessen-Herbstein.jpg 1600w\" sizes=\"auto, (max-width: 1024px) 100vw, 1024px\" \/><\/figure>\n\n\n\n<p class=\"wp-block-paragraph\">Jedes Jahr am dritten Januarwochende organisiert die Pferdesportjugend Hessen das Jugendevent in Herbstein. <br>\nDort wurden Workshops zum Thema Teambuilding, Erste Hilfe bei Reitunf\u00e4llen sowie ein Outdoorsport-Programm angeboten. Im Vogelsbergdorf fanden die rund 80 Teilnehmer eine sch\u00f6ne Unterkunft und gute Verpflegung vor. <br>\nDas H\u00fcnfelder Vierkampf-Team mit Janine R\u00fcppner, Jessica Kirsten und Xenia Pospiech profitierte vor allem vom Teambuilding und hatten viel Spa\u00df bei der Bew\u00e4ltigung der verschiedenen Aufgaben. Neben dem Rahmenprogramm in den Workshop-Gruppen, wurde Abends noch eine Nachtwanderung gemacht und die Teilnehmer hatten alle viel Spa\u00df bei kleinen Theaterst\u00fccken, welche am Abend spontan ausgedacht und vorgef\u00fchrt wurden. <\/p>\n\n\n\n<p class=\"wp-block-paragraph\">&#8222;Wir sind n\u00e4chstes Jahr wieder dabei und nehmen noch mehr Jugendliche mit.&#8220; freut sich Verena Laufer. &#8222;Jetzt gehen wir in die weiteren Vorbereitungen f\u00fcr den Vierkampf.&#8220; <\/p>\n\n\n\n<p class=\"wp-block-paragraph\">Wir bedanken uns bei der Pferdesportjugend Hessen f\u00fcr die rundum gelungene Veranstaltung. Wir konnten einiges an neuem Input mitnehmen und empfehlen es weiter f\u00fcr alle Jugendlichen, Ausbilder und auch Eltern.<\/p>\n\n\n\n<h4 class=\"wp-block-heading\">02.-03.03.2019 Dressurlehrgang<\/h4>\n\n\n\n<p class=\"wp-block-paragraph\">Am\n02. &#8211; 03. M\u00c4RZ\n2019 fand unter der Leitung von DR. ISABEL\nHOHMANN\nein DRESSURLEHRGANG\nstatt. <\/p>\n\n\n\n<p class=\"wp-block-paragraph\">Dr.\nIsabel Hohmann kann auf Erfolge bis zur\nKlasse S** in der Dressur zur\u00fcck blicken.\nIn 2014 wurde ihr im Rahmen\ndes Festhallenreitturniers in\nFrankfurt das Goldene Reitabzeichen \u00fcber-reicht.<\/p>\n\n\n\n<p class=\"wp-block-paragraph\">Alle\nTeilnehmer hatten viel Spa\u00df und k\u00f6nnen einige wertvollen Hilfestellungen mit in\ndie neue Saison nehmen.<\/p>\n\n\n\n<p class=\"wp-block-paragraph\"><em>Teilnehmer in alphabetischer Reihenfolge:<\/em><br> Berger, Lena \/ Dietz, Ann- Katrin \/ Kirsten, Jessica \/ Kowalski, Inka \/ Lamely, Conny \/ Laufer Verena \/ Pospiech, Xenia \/ R\u00fcppner, Janina \/ Sch\u00e4fer, Corinna \/ St\u00fcbinger, Bettina \/ Trost, Anna- Lena \/ Wehner, Christiane <\/p>\n\n\n\n<h2 class=\"wp-block-heading\">15.17.3.2019 Springlehrgang<\/h2>\n\n\n\n<p class=\"wp-block-paragraph\">Am 15. &#8211; 17. M\u00c4RZ 2019 fand unter der Leitung von Jens WAWRAUSCHEK statt. <\/p>\n\n\n\n<p class=\"wp-block-paragraph\">Jens Wawrauschek kann auf nationale &amp; internationale Erfolge bis zur Klasse S*** im Springen zur\u00fcckblicken. Er war als Bereiter u. a. bei Lars Nieberg, Paul Schockem\u00f6hle &amp; Hans Horn t\u00e4tig.<br><br><em>Teilnehmer:<\/em><br> Frauke Aschenbach \/ Laura Malkmus \/ Elina Vey \/ Miriam Kirsten \/ Greta Rohrbach \/ Jasmin Rohrbach \/ Jana Georgoulis \/ Catharina Laufer \/ Julia Schulz \/ Emely Fey \/ Fabienne Fey \/ Corinna Sch\u00e4fer \/ Alexander Oechel \/ Anna R\u00f6\u00dfner \/ Lars Schneemann<\/p>\n\n\n\n<h2 class=\"wp-block-heading\">29.03.2019 Berthold Ebert ist jetzt Ehrenmitglied<\/h2>\n\n\n\n<figure class=\"wp-block-image\"><img loading=\"lazy\" decoding=\"async\" width=\"1024\" height=\"904\" src=\"https:\/\/www.rfv-huenfeld.de\/wp\/wp-content\/uploads\/2019\/10\/20190418-HZ-JHV-29042019-1024x904.jpg\" alt=\"\" class=\"wp-image-3273\" srcset=\"https:\/\/www.rfv-huenfeld.de\/wp\/wp-content\/uploads\/2019\/10\/20190418-HZ-JHV-29042019-1024x904.jpg 1024w, https:\/\/www.rfv-huenfeld.de\/wp\/wp-content\/uploads\/2019\/10\/20190418-HZ-JHV-29042019-300x265.jpg 300w, https:\/\/www.rfv-huenfeld.de\/wp\/wp-content\/uploads\/2019\/10\/20190418-HZ-JHV-29042019-768x678.jpg 768w\" sizes=\"auto, (max-width: 1024px) 100vw, 1024px\" \/><figcaption>Artikel aus der HZ vom 18.04.2019<\/figcaption><\/figure>\n\n\n\n<p class=\"wp-block-paragraph\"> Im Rahmen der Jahreshauptversammlung des RFV H\u00fcnfeld wurde die Ehrenmitgliedschaft an Berthold Ebert verliehen. Nur einen Tag vorher feierte der Jubilar seinen 80. Geburtstag und erhielt von den Teilnehmern der Versammlung ein St\u00e4ndchen. Der Jubilar, der seit 60 Jahren Mitglied ist, war langj\u00e4hriger Turnierreiter, Vorstandsmitglied, Turnierwart und verantwortlich f\u00fcr die Bewirtschaftung von Clubraum und Turnieren und vieles mehr. \u201eSein Einsatz f\u00fcr die aktiven Turnierreiter war vorbildlich, er geh\u00f6rt zu den Menschen, die ihr reiterliches Erbe, die Liebe zum Pferd und praktisches K\u00f6nnen aus ihrer jahrzehntelangen Erfahrung im Umgang mit dem Pferd an die Reiterjugend weitergegeben hat\u201c, so der Vorsitzende Christoph Kiel in seiner Laudatio, der zusammen mit dem Stellvertretenden Vorsitzenden Matthias Pappert und Dr. Klaus Martin die Ehrenurkunde \u00fcberreichte. Besonders freute sich Ebert \u00fcber den Aufritt der Vereinsreiter mit zw\u00f6lf Pferden anl\u00e4sslich seiner Geburtstagsfeier. <\/p>\n\n\n\n<p class=\"wp-block-paragraph\"><strong>Hier ein paar Bilder vom Geburtstagsaufritt bei Berthold Ebert<\/strong><br> [nggallery id=53]  <\/p>\n\n\n\n<h2 class=\"wp-block-heading\">26.05.2019 Geburtstagsaufritt<br>Matthias Pappert zum 50.<\/h2>\n\n\n\n<p class=\"wp-block-paragraph\"><strong>Hier ein paar Bilder vom Geburtstagsaufritt<\/strong><br>[nggallery id=55]  <\/p>\n\n\n\n<h2 class=\"wp-block-heading\">Dressur- und Springturnier 9.-11.08.2019<\/h2>\n\n\n\n<div class=\"wp-block-file\"><a href=\"https:\/\/www.rfv-huenfeld.de\/wp\/wp-content\/uploads\/2019\/08\/20190813-Huenfelder-Zeitung.pdf\">20190813-Huenfelder-Zeitung<\/a><a href=\"https:\/\/www.rfv-huenfeld.de\/wp\/wp-content\/uploads\/2019\/08\/20190813-Huenfelder-Zeitung.pdf\" class=\"wp-block-file__button\" download>Herunterladen<\/a><\/div>\n\n\n\n<h2 class=\"wp-block-heading\">Vielseitigkeitsturnier 17.-18.08.2019<\/h2>\n\n\n\n<div class=\"wp-block-file\"><a href=\"https:\/\/www.rfv-huenfeld.de\/wp\/wp-content\/uploads\/2019\/10\/20190820-HuenfelderZeitung.pdf\">20190820-HuenfelderZeitung<\/a><a href=\"https:\/\/www.rfv-huenfeld.de\/wp\/wp-content\/uploads\/2019\/10\/20190820-HuenfelderZeitung.pdf\" class=\"wp-block-file__button\" download>Herunterladen<\/a><\/div>\n\n\n\n<h2 class=\"wp-block-heading\"><strong>07.09.2019 Geburtstagsaufritt<\/strong> Ernst Malkmus <strong>zum 60.<\/strong> Gebrutstag<\/h2>\n\n\n\n<p class=\"wp-block-paragraph\">Bilder werden in K\u00fcrze eingestellt.<\/p>\n\n\n\n<h2 class=\"wp-block-heading\">Abzeichenlehrgang 7. &#8211; 12.10.2019<\/h2>\n\n\n\n<figure class=\"wp-block-image\"><img loading=\"lazy\" decoding=\"async\" width=\"1024\" height=\"683\" src=\"https:\/\/www.rfv-huenfeld.de\/wp\/wp-content\/uploads\/2019\/10\/KBR_3347-1024x683.jpg\" alt=\"\" class=\"wp-image-3265\" srcset=\"https:\/\/www.rfv-huenfeld.de\/wp\/wp-content\/uploads\/2019\/10\/KBR_3347-1024x683.jpg 1024w, https:\/\/www.rfv-huenfeld.de\/wp\/wp-content\/uploads\/2019\/10\/KBR_3347-300x200.jpg 300w, https:\/\/www.rfv-huenfeld.de\/wp\/wp-content\/uploads\/2019\/10\/KBR_3347-768x513.jpg 768w\" sizes=\"auto, (max-width: 1024px) 100vw, 1024px\" \/><\/figure>\n\n\n\n<p class=\"wp-block-paragraph\"> \u00dcber 20 Kinder, Jugendliche und Einsteiger nahmen an dem Abzeichenlehrgang teil, den wir auf unserer Anlage am Haselsee eine Woche lang ausgetragen haben. Lehrgangsleiterin Verena Laufer bereitete die Teilnehmer sowohl auf die Reitpr\u00fcfung, Theorie und Bodenarbeit intensiv vor. Die Pr\u00fcfung nahmen Richterin Ute Baron und Andrea Herzig ab, die allen die bestandenen Abzeichen und Urkunden feierlich \u00fcberreichten.<br><br> Reitabzeichen 5:<br> Xenia Pospiech<br> RA 7: Michael Kirsten, Verena Bitzer, Emma Schmidt, Jule Hahn<br> RA 8: Leonie Felix, Lina Kalb, Hannah Waider<br> RA 9: Emma Noll, Hannah Lohfink, Isabell Schreiner, Charlie-Ann Engel, Carolin Schiebelhut, Jasmin Seibert, Alicia Morneweg<br> Basispass:<br> Ellena Hahn, Rebecca Hohmann, Vivian Woodard, Antonia Eckart, Leni Neuenschwander, Sina Grosch, Jule Hahn<br> Longierabzeichen 5:<br> Laura Balzer<\/p>\n\n\n\n<h2 class=\"wp-block-heading\">02.11.2019 Hallenfahrturnier <\/h2>\n\n\n\n<figure class=\"wp-block-gallery columns-1 is-cropped wp-block-gallery-1 is-layout-flex wp-block-gallery-is-layout-flex\"><ul class=\"blocks-gallery-grid\"><li class=\"blocks-gallery-item\"><figure><img loading=\"lazy\" decoding=\"async\" width=\"724\" height=\"1024\" src=\"https:\/\/www.rfv-huenfeld.de\/wp\/wp-content\/uploads\/2019\/10\/Plakat-1_Fahrturnier-2_11_2019-WBO-RFVHuenfeld-V1-1-724x1024.jpg\" alt=\"\" data-id=\"3298\" data-link=\"https:\/\/www.rfv-huenfeld.de\/wp\/wp-content\/uploads\/2019\/10\/Plakat-1_Fahrturnier-2_11_2019-WBO-RFVHuenfeld-V1-1.jpg\" class=\"wp-image-3298\" srcset=\"https:\/\/www.rfv-huenfeld.de\/wp\/wp-content\/uploads\/2019\/10\/Plakat-1_Fahrturnier-2_11_2019-WBO-RFVHuenfeld-V1-1-724x1024.jpg 724w, https:\/\/www.rfv-huenfeld.de\/wp\/wp-content\/uploads\/2019\/10\/Plakat-1_Fahrturnier-2_11_2019-WBO-RFVHuenfeld-V1-1-212x300.jpg 212w, https:\/\/www.rfv-huenfeld.de\/wp\/wp-content\/uploads\/2019\/10\/Plakat-1_Fahrturnier-2_11_2019-WBO-RFVHuenfeld-V1-1-768x1086.jpg 768w\" sizes=\"auto, (max-width: 724px) 100vw, 724px\" \/><\/figure><\/li><\/ul><\/figure>\n","protected":false},"excerpt":{"rendered":"<p>16.01.2019 GeburtstagsaufrittEberhard Fennel zum 70. Hier ein paar Bilder vom Geburtstagsaufritt[nggallery id=54] 20.01.2019 Jugendevent PSV Hessen in Herbstein&nbsp; Jedes Jahr am dritten Januarwochende organisiert die Pferdesportjugend Hessen das Jugendevent in Herbstein. Dort wurden Workshops zum Thema Teambuilding, Erste Hilfe bei Reitunf\u00e4llen sowie ein Outdoorsport-Programm angeboten. Im Vogelsbergdorf fanden die rund 80 Teilnehmer eine sch\u00f6ne Unterkunft &hellip; <a href=\"https:\/\/www.rfv-huenfeld.de\/wp\/?page_id=3143\" class=\"more-link\"><span class=\"screen-reader-text\">Berichte 2019<\/span> weiterlesen <span class=\"meta-nav\">&rarr;<\/span><\/a><\/p>\n","protected":false},"author":2,"featured_media":0,"parent":32,"menu_order":8,"comment_status":"closed","ping_status":"closed","template":"","meta":{"_crdt_document":"","footnotes":""},"class_list":["post-3143","page","type-page","status-publish","hentry"],"_links":{"self":[{"href":"https:\/\/www.rfv-huenfeld.de\/wp\/index.php?rest_route=\/wp\/v2\/pages\/3143","targetHints":{"allow":["GET"]}}],"collection":[{"href":"https:\/\/www.rfv-huenfeld.de\/wp\/index.php?rest_route=\/wp\/v2\/pages"}],"about":[{"href":"https:\/\/www.rfv-huenfeld.de\/wp\/index.php?rest_route=\/wp\/v2\/types\/page"}],"author":[{"embeddable":true,"href":"https:\/\/www.rfv-huenfeld.de\/wp\/index.php?rest_route=\/wp\/v2\/users\/2"}],"replies":[{"embeddable":true,"href":"https:\/\/www.rfv-huenfeld.de\/wp\/index.php?rest_route=%2Fwp%2Fv2%2Fcomments&post=3143"}],"version-history":[{"count":34,"href":"https:\/\/www.rfv-huenfeld.de\/wp\/index.php?rest_route=\/wp\/v2\/pages\/3143\/revisions"}],"predecessor-version":[{"id":3436,"href":"https:\/\/www.rfv-huenfeld.de\/wp\/index.php?rest_route=\/wp\/v2\/pages\/3143\/revisions\/3436"}],"up":[{"embeddable":true,"href":"https:\/\/www.rfv-huenfeld.de\/wp\/index.php?rest_route=\/wp\/v2\/pages\/32"}],"wp:attachment":[{"href":"https:\/\/www.rfv-huenfeld.de\/wp\/index.php?rest_route=%2Fwp%2Fv2%2Fmedia&parent=3143"}],"curies":[{"name":"wp","href":"https:\/\/api.w.org\/{rel}","templated":true}]}}