{"id":759,"date":"2012-08-22T13:19:12","date_gmt":"2012-08-22T13:19:12","guid":{"rendered":"http:\/\/www.rfv-huenfeld.de\/wp\/?page_id=759"},"modified":"2016-11-25T14:01:55","modified_gmt":"2016-11-25T14:01:55","slug":"2013-2","status":"publish","type":"page","link":"https:\/\/www.rfv-huenfeld.de\/wp\/?page_id=759","title":{"rendered":"Berichte 2013"},"content":{"rendered":"<p style=\"text-align: left;\"><span style=\"text-decoration: underline;\">29.12.2013 Film &#8222;Preisverleihung &#8222;Bestes hessisches Schulpferdekonzet&#8220;<br \/>\n<\/span>Die Firma &#8222;Studio Brink&#8220; aus VS-Villingen (<a href=\"http:\/\/www.horsevideos.de\" target=\"_blank\">www.horsevideos.de<\/a>) hat uns die Genehmigung erteilt, dass Video der Preisverleigung auf unserer Homepage online zu stellen. Daf\u00fcr recht herzlichen Dank. Das Video ist Urheberrechtlich gesch\u00fctzt und darf nicht kommerziell genutzt werden. Auch das Herunterladen und das Verteilen des Videos ist nicht gestattet.<br \/>\nHier verschiedene Videoformate&#8230;(Handynutzer bitte nur mit WLAN arbeiten, da sonst zuviel Downloadkapazit\u00e4t verbraucht wird!!):<br \/>\n<a href=\"..\/2013\/Film-Preisverleihung-FesthalleFrankfurt-20131219-klein.avi\" target=\"_blank\">Film f\u00fcr PC- klein (55MB)<\/a><br \/>\n<a href=\"..\/2013\/Film-Preisverleihung-FesthalleFrankfurt-20131219-gross.avi\" target=\"_blank\">Film f\u00fcr PC- gross (75MB)<\/a><br \/>\n<a href=\"..\/2013\/Film-Presverleihung-FesthalleFrankfurt-20131219-ipad.mp4\" target=\"_blank\">Film f\u00fcr IPad (133MB)<\/a><\/p>\n<p><span style=\"text-decoration: underline;\">21.12.2013 RFV H\u00fcnfeld \u00fcberzeugt mit seinem Stufenplan bei dem Wettbewerb &#8222;Beste Hessische Schulpferdekonzept&#8220;<\/span><br \/>\nUnser Verein hat mit seinem &#8222;Stufenplan&#8220; den 1. Platz belegen k\u00f6nnen. Dar\u00fcber sind wir nat\u00fcrlich alle super Stolz.\u00a0Hier k\u00f6nnt Ihr den Pressebereicht aus der H\u00fcnfelder\u00a0Zeitung vom 21-12-2013 herunterladen. An dieser Stelle sei nochmal allen Beteiligten und im Besonderen unserer Verena und unserer Barbara ein herzlichen\u00a0Dankesch\u00f6n ausgesprochen&#8230;.das war eine super Sache.<br \/>\n<a href=\"https:\/\/www.rfv-huenfeld.de\/wp\/wp-content\/uploads\/2012\/08\/20131221-Pressebericht-H\u00fcnfelderZeitung-20131221.pdf\" target=\"_blank\">20131221-Pressebericht-H\u00fcnfelderZeitung-20131221<\/a><\/p>\n<p><span style=\"text-decoration: underline;\">06.12.2013 Bewerbung um das &#8222;Beste Hessische Schulpferdekonzept&#8220;<\/span><br \/>\nDas Hessische Innenministerium, die Veranstalter des Frankfurter Festhallenturniers und der Pferdesportverband Hessen haben diesen Wettbewerb (zum achten Mal) ausgeschrieben, um einen Beitrag zur Sicherung der qualit\u00e4tsvollen Nachwuchsf\u00f6rderung zu leisten. Daraufhin haben Verena Laufer und Barbara Kiel gemeinsam ein Konzept erabreitet, womit wir uns beworben haben.<br \/>\nDiese Konzept haben wir f\u00fcr Euch hier eingestellt, damit Ihr dieses in aller Ruhe lesen k\u00f6nnt&#8230;&#8230;<br \/>\nWir wissen, dass wir ein gutes Konzept vorzeigen k\u00f6nnen und hoffen, dass die Jury das auch so sehen wird&#8230;.<br \/>\n<a href=\"https:\/\/www.rfv-huenfeld.de\/wp\/wp-content\/uploads\/2012\/08\/Schulpferdekonzept-RFVHuenfeld-20131114.pdf\" target=\"_blank\">Schulpferdekonzept-RFVHuenfeld-20131114<\/a><\/p>\n<p><span style=\"text-decoration: underline;\">30.11.2013 Niko- Rallye, Pressetext aus der H\u00fcnfelder Zeitung vom 03-12-2013<\/span><br \/>\nUnter dem Motto \u201eNiko-Rallye\u201c ging es beim RFV H\u00fcnfeld hoch her. Bei Spa\u00df,Spiel und Spannung mit Pferden erlebten etwa 25 Reitschulkinder einen sch\u00f6nen\u00a0 Nachmittag im Verein, zu dem Vorsitzender Dr. Klaus Martin (Dritter von links), Veranstaltungskoordinatorin Verena Laufer (Zweite von links) sowie die\u00a0 Helferinnen Miriam Kirsten mit Stolly (links) und Jana Malkmus mit Cindy\u00a0 (rechts) begr\u00fc\u00dften.<\/p>\n<p><a href=\"https:\/\/www.rfv-huenfeld.de\/wp\/wp-content\/uploads\/2012\/08\/KB2_8807_1.jpg\"><img loading=\"lazy\" decoding=\"async\" class=\"alignleft size-medium wp-image-1252\" src=\"https:\/\/www.rfv-huenfeld.de\/wp\/wp-content\/uploads\/2012\/08\/KB2_8807_1-300x242.jpg\" alt=\"KB2_8807_1\" width=\"300\" height=\"242\" srcset=\"https:\/\/www.rfv-huenfeld.de\/wp\/wp-content\/uploads\/2012\/08\/KB2_8807_1-300x242.jpg 300w, https:\/\/www.rfv-huenfeld.de\/wp\/wp-content\/uploads\/2012\/08\/KB2_8807_1-1024x827.jpg 1024w\" sizes=\"auto, (max-width: 300px) 100vw, 300px\" \/><\/a><\/p>\n<p>Auf dem Programm standen die Reise nach Jerusalem, Adventskalenderf\u00fcllen,\u00a0 Baumschm\u00fccken und das Decken der adventlichen Weihnachtstafel, alles in\u00a0 Verbindung mit den Pferden. Eine kleine Adventsfeier im Reiterst\u00fcbchen rundete den gelungenen Nachmittag ab.<\/p>\n<p>Hier k\u00f6nnt\u00a0Ihr Euch ein paar Bilder ansehen&#8230;.<strong><a href=\"..\/2013\/3011131_web\/index.htm\" target=\"_blank\">bitte hier klicken!!<\/a><\/strong><\/p>\n<p>&nbsp;<\/p>\n<p>&nbsp;<\/p>\n<p>&nbsp;<\/p>\n<p>&nbsp;<\/p>\n<p>&nbsp;<\/p>\n<p>&nbsp;<\/p>\n<p>&nbsp;<\/p>\n<p><span style=\"text-decoration: underline;\">03.10.2013 Herbstausritt<\/span><br \/>\nOrganisiert von Jan Drinnenberg fand am 03.10.2013 bei sch\u00f6nem Herbstwetter der traditionelle Ausritt des Vereins statt. Der Start war um 10:00 Uhr an der Reithalle und f\u00fchrte nach Mackenzell, hier wurden die Reiter von Matthias Pappert und weiteren drei gesattelten Pferden erwartet. Nach einem kleinen Fr\u00fchschoppen\u00a0 ging es \u00fcber R\u00fcckers in die Waldgastst\u00e4tte Praforst. 11 Reiter und zahlreiche Begleiter wurden dort von Marc Zuspann zum Imbiss eingeladen. Daf\u00fcr sagen wir nochmal herzlichen Dank an die Familie Zuspann. Auf dem Heimweg gab es noch einen kleinen Stopp an der Scheune von Altmeister Berthold Ebert! Abschlie\u00dfend wurde am sp\u00e4ten Nachmittag noch in der Reithalle Pizza von Haci gegessen!<\/p>\n<p><span style=\"text-decoration: underline;\">29.08,2013 Bilder vom\u00a0Turnierfotografen Stephen Rasche-Hilpert<\/span><br \/>\n<em>Denkt bitte daran, dass alle Bilder urheberrechtlich gesch\u00fctzt sind und dass die Verwendung dieser Bilder nur mit Genehmigung des Fotografen gestattet ist.<br \/>\n<\/em><a href=\"http:\/\/www.equidographie.de\/Equidographie\/Veranstaltungen.html\" target=\"_blank\">Hier gehts zu den Bildern&#8230;..<\/a><\/p>\n<p><span style=\"text-decoration: underline;\">22.08,2013 Bildergalerien von beiden Turnierwochenenden (Fotos: Barbara Kiel)<br \/>\n<\/span><em>Denkt bitte daran, dass alle Bilder urheberrechtlich gesch\u00fctzt sind und dass die Verwendung dieser Bilder nur mit Genehmigung des Fotografen gestattet ist.<\/em><br \/>\n<a title=\"L- Dressur\" href=\"http:\/\/www.fulda-pferd.de\/2013\/1008133_web\/index.htm\" target=\"_blank\">10.08.2013; L- Dressur<\/a><br \/>\n<a title=\"M- Dressur\" href=\"http:\/\/www.fulda-pferd.de\/2013\/1008132_web\/index.htm\" target=\"_blank\">10.08.2013; M- Dressur<\/a><br \/>\n<a title=\"A- Dressur\" href=\"http:\/\/www.fulda-pferd.de\/2013\/1008131_web\/index.htm\" target=\"_blank\">10.08.2013; A- Dressur<\/a><br \/>\n<a title=\"Springpr\u00fcfungen Teil 1\" href=\"http:\/\/www.fulda-pferd.de\/2013\/2108133_web\/index.htm\" target=\"_blank\">11.08.2013; Springpr\u00fcfungen Teil 1<\/a><br \/>\n<a title=\"Springpr\u00fcfungen Teil 2\" href=\"http:\/\/www.fulda-pferd.de\/2013\/2108134_web\/index.htm\" target=\"_blank\">11.08.2013; Springpr\u00fcfungen Teil 2<\/a><br \/>\n<a title=\"PSJ- Cup 2013 in H\u00fcnfeld\" href=\"http:\/\/www.fulda-pferd.de\/2013\/2108131_web\/index.htm\" target=\"_blank\">17.08.2013; Stil E, PSJ- Cup<\/a><br \/>\n<a title=\"Reitpferdepr\u00fcfung\" href=\"http:\/\/www.fulda-pferd.de\/2013\/2108132_web\/index.htm\" target=\"_blank\">17.08.2013; Reitpferdepr\u00fcfung<\/a><br \/>\n<a title=\"Springreiter-WB, Stil E und Siegerehrung HLP Araber\" href=\"http:\/\/www.fulda-pferd.de\/2013\/2108135_web\/index.htm\" target=\"_blank\">17.08.2013; Springreiter-WB, Stil E, Siegerehrung\u00a0HLP Araber<\/a><br \/>\n<a title=\"Stil A, Erste Abteilung\" href=\"http:\/\/www.fulda-pferd.de\/2013\/2108136\/index.htm\" target=\"_blank\">17.08.2013; Stil A, Erste Abteilung<\/a><br \/>\n<a title=\"Stil A Gel\u00e4nde\" href=\"http:\/\/www.fulda-pferd.de\/2013\/2308131_web\/index.htm\" target=\"_blank\">18.08.2013; Stil A Gel\u00e4nde<\/a><br \/>\n<a title=\"Stil E Gel\u00e4nde\" href=\"http:\/\/www.fulda-pferd.de\/2013\/2308132_web\/index.htm\" target=\"_blank\">18.08.2013; Stil E Gel\u00e4nde<\/a><br \/>\n<a title=\"F\u00fchrz\u00fcgelklasse mit Kost\u00fcm\" href=\"http:\/\/www.fulda-pferd.de\/2013\/2308133_web\/index.htm\" target=\"_blank\">18.08.2013; F\u00fchrz\u00fcgelklasse mit Kost\u00fcm<\/a><br \/>\n<a title=\"Gel\u00e4ndereiterwettbewerb\" href=\"http:\/\/www.fulda-pferd.de\/2013\/2308134_web\/index.htm\" target=\"_blank\">18.08.2013; Gel\u00e4ndereiterwettbewerb<\/a><br \/>\n<a title=\"M- Dressur und M- Springen\" href=\"http:\/\/www.fulda-pferd.de\/2013\/2308135_web\/index.htm\" target=\"_blank\">18.08.2013; M- Dressur und M- Springen<\/a><br \/>\n<a title=\"Reiterwettbewerb\" href=\"http:\/\/www.fulda-pferd.de\/2013\/2308136_web\/index.htm\" target=\"_blank\">18.08.2013; Reiterwettbewerb<\/a><\/p>\n<p><span style=\"text-decoration: underline;\">20.08.2013 Pressebericht Turnier 16.-18.08.2013\u00a0\u00a0Fuldaer Zeitung\/ H\u00fcnfelder Zeitung<\/span><br \/>\nHier k\u00f6nnt Ihr den Pressebericht aus der Fuldaer Zeitung\/ H\u00fcnfelder Zeitung herunterladen&#8230;.<a href=\"https:\/\/www.rfv-huenfeld.de\/wp\/wp-content\/uploads\/2012\/08\/HZ-FZ-20130820-www.pdf\" target=\"_blank\"><strong>bitte hier klicken<\/strong> (HZ-FZ-20130820-www)<\/a><\/p>\n<p><span style=\"text-decoration: underline;\">13.08.2013 Pressebericht Turnier 09.-11.08.2013 Fuldaer Zeitung\/ H\u00fcnfelder Zeitung<\/span><br \/>\nHier k\u00f6nnt Ihr den Pressebericht aus der Fuldaer Zeitung\/ H\u00fcnfelder Zeitung herunterladen&#8230;.<a href=\"https:\/\/www.rfv-huenfeld.de\/wp\/wp-content\/uploads\/2012\/08\/HZ-FZ-20130813-www.pdf\" target=\"_blank\"><strong>bitte hier klicken<\/strong> (HZ-FZ-20130813-www)<\/a><\/p>\n<p><span style=\"text-decoration: underline;\">25.06.2013 Aufritt\u00a0Herbert Eichler<\/span><br \/>\nAm 24.06.2013 wurde Herbert Eichler 70\u00a0Jahre.\u00a0Anl\u00e4sslich dieses\u00a0runden Geburtstages haben\u00a0sich einige Reiter und einige Nichtreiter am 25.06. auf den Weg gemacht, um dem Geburtstagskind zu gratulieren. Hier k\u00f6nnt Ihr ein paar Bilder des Aufrittes sehen <a href=\"..\/2013\/2506131_web\/index.htm\" target=\"_blank\"><strong>bitte hier klicken<\/strong><\/a>.<\/p>\n<p><span style=\"text-decoration: underline;\">06.06.2013 Aufritt\u00a0Rita Fennel<\/span><br \/>\nAm 06.06.2013 wurde Rita Fennel\u00a060 Jahre.\u00a0Anl\u00e4sslich dieses\u00a0runden Geburtstages haben\u00a0sich einige Reiter und einige Nichtreiter auf den Weg gemacht, um dem Geburtstagskind zu gratulieren. Hier k\u00f6nnt Ihr ein paar Bilder des Aufrittes sehen <strong><a title=\"Bildergalerie\" href=\"..\/2013\/0606131_web\/index.htm\" target=\"_blank\">bitte hier klicken<\/a><\/strong>.<\/p>\n<p><span style=\"text-decoration: underline;\">20.04.2013 Reitfest- Pferdeolympiade<\/span><br \/>\nHier k\u00f6nnt Ihr den ausf\u00fchrlichen\u00a0<strong><a href=\"https:\/\/www.rfv-huenfeld.de\/wp\/wp-content\/uploads\/2013\/04\/Pressetext-Pferdeolympiade-20130420.pdf\" target=\"_blank\">Bericht downloaden<\/a><\/strong>. An dieser Stelle m\u00f6chten wir uns bei Sarah Spiegel, Verena und Christian Laufer und bei Isabell Dietz\u00a0recht herzlich bedanken, die diese tolle Veranstaltung\u00a0organisiert\u00a0haben. Nat\u00fcrlich sagen wir auch allen Beteilgten recht herzlichen Dank, die mit Rat und Tat und mit den Kuchenspenden zu dem guten Gelingen beigetragen haben.<br \/>\nHier k\u00f6nnt Ihr\u00a0schon mal ein paar Bilder sehen <a title=\"Bildergalerie Abzeichenlehrgang\" href=\"..\/2013\/200413_web\/index.htm\" target=\"_blank\"><strong>bitte hier klicken<\/strong><\/a>.<\/p>\n<p><span style=\"text-decoration: underline;\">04.04.2013 Abzeichenlehrgang Ostern 2013<\/span><br \/>\nHier k\u00f6nnt Ihr den ausf\u00fchrlichen <strong><a href=\"https:\/\/www.rfv-huenfeld.de\/wp\/wp-content\/uploads\/2012\/08\/Pressetext-Abzeichenlehrgang-Ostern2013.pdf\" target=\"_blank\">Bericht downloaden<\/a><\/strong>. An dieser Stelle m\u00f6chten wir uns bei Verena und Christian Laufer recht herzlich bedanken, die mal wieder mit vollem Einsatz diesen Lehrgang organisiert und auch ausgerichtet haben. Auch im Namen von Verena und Christian m\u00f6chten wir\u00a0 allen Helfern danken, ohne die ein solcher Lehrgang nicht\u00a0zu stemmen\u00a0ist&#8230;..<br \/>\nHier k\u00f6nnt Ihr\u00a0schon mal ein paar Bilder sehen <a title=\"Bildergalerie Abzeichenlehrgang\" href=\"..\/2013\/070413_web\/index.htm\" target=\"_blank\"><strong>bitte hier klicken<\/strong><\/a>.<\/p>\n<p><span style=\"text-decoration: underline;\">29.03.2013 Aufritte bei Alfred Etzel, Barbara und Christoph Kiel<\/span><br \/>\nAm 16.02.2013 wurde Alfred Etzel 60 Jahre. Am 30.01.2013 wurde Barbara Kiel und am 18.02.2013 wurde Christoph Kiel 50 Jahre. Anl\u00e4sslich dieser runden Geburtstage haben\u00a0sich einige Reiter und einige Nichtreiter auf den Weg gemacht, um den Geburtstagkindern zu gratulieren. Hier k\u00f6nnt Ihr ein paar Bilder der Aufritte sehen <strong><a title=\"Bildergalerie\" href=\"..\/2013\/290313_web\/index.htm\" target=\"_blank\">bitte hier klicken<\/a><\/strong>.<\/p>\n<p><span style=\"text-decoration: underline;\">22.03.2013 Jahreshauptversammlung<\/span><br \/>\nDer Reit- und Fahrverein blickte im Rahmen seiner Jahreshauptversammlung auf ein ereignisreiches Jahr zur\u00fcck. Die Einzelheiten k\u00f6nnt Ihr dem\u00a0Pressetext entnehmen, den Ihr <strong><a href=\"https:\/\/www.rfv-huenfeld.de\/wp\/wp-content\/uploads\/2012\/08\/Pressetext-JHV2013.pdf\" target=\"_blank\">hier downloaden k\u00f6nnt<\/a><\/strong>.<\/p>\n<p><span style=\"text-decoration: underline;\">18.03.2013 Neuer Vorsitzender vom Pferdesportverband Hessen<\/span><br \/>\nDr. Harald Hohmann aus Dirlos ist neuer Vorsitzender des Pferdesportverbandes Hessens\u00a0Pressetext aus der H\u00fcnfelder Zeitung vom 20-03-2013 <a href=\"https:\/\/www.rfv-huenfeld.de\/wp\/wp-content\/uploads\/2012\/08\/20130320-Dr-Harald-Hohmann.pdf\" target=\"_blank\">bitte hier klicken-20130320-Dr-Harald-Hohmann<\/a><\/p>\n<p><span style=\"text-decoration: underline;\">17.03.2013 Jugendcup 2013<br \/>\n<\/span>Die Entscheidung ist gefallen. Unsere jungen Amazonen belegten einen guten 2. Platz hinter dem RV Pferdest\u00e4rken Fulda. Die Reitsch\u00fcler von Anne Rh\u00f6ner belegten den 3. Platz. Wir gratulieren an dieser Stelle dem Reiter- und den Reiterrinnen vom RF Pferst\u00e4rken Fulda und dr\u00fccken\u00a0 f\u00fcr das Finale in Ziegenhain ganz fest die Daumen.<br \/>\n<a href=\"https:\/\/www.rfv-huenfeld.de\/wp\/wp-content\/uploads\/2012\/08\/Ergebniss-Gesamt-20130317.pdf\" target=\"_blank\">Ergebniss-Gesamt- 20130317<\/a><\/p>\n<p>Pressetext aus der H\u00fcnfelder Zeitung vom 20-03-2013 <a href=\"https:\/\/www.rfv-huenfeld.de\/wp\/wp-content\/uploads\/2012\/08\/20130320-Jugendcup.pdf\" target=\"_blank\">bitte hier klicken-20130320-Jugendcup<\/a><\/p>\n<p>&nbsp;<\/p>\n<p><span style=\"text-decoration: underline;\">10.03.2013 Jugendcup 2013<\/span><br \/>\nkleine Ringturniere f\u00fcr Einsteiger mit RFV H\u00fcnfeld (3.3.13), RV Pferde St\u00e4rken Fulda in K\u00fcnzell (10.3.13), RFV Hohe Rh\u00f6n in Tann-Hundsbach (17.3.13).<\/p>\n<p><a href=\"https:\/\/www.rfv-huenfeld.de\/wp\/wp-content\/uploads\/2012\/08\/Gruppe-RFVH-Jugendcup2013-1103131.jpg\"><img loading=\"lazy\" decoding=\"async\" class=\"alignleft size-medium wp-image-938\" src=\"https:\/\/www.rfv-huenfeld.de\/wp\/wp-content\/uploads\/2012\/08\/Gruppe-RFVH-Jugendcup2013-1103131-300x198.jpg\" alt=\"Gruppe-RFVH-Jugendcup2013-1103131\" width=\"300\" height=\"198\" srcset=\"https:\/\/www.rfv-huenfeld.de\/wp\/wp-content\/uploads\/2012\/08\/Gruppe-RFVH-Jugendcup2013-1103131-300x198.jpg 300w, https:\/\/www.rfv-huenfeld.de\/wp\/wp-content\/uploads\/2012\/08\/Gruppe-RFVH-Jugendcup2013-1103131-1024x678.jpg 1024w\" sizes=\"auto, (max-width: 300px) 100vw, 300px\" \/><\/a><\/p>\n<p>&nbsp;<\/p>\n<p>&nbsp;<\/p>\n<p>&nbsp;<\/p>\n<p>&nbsp;<\/p>\n<p>&nbsp;<\/p>\n<p>&nbsp;<\/p>\n<p>&nbsp;<\/p>\n<p>&nbsp;<\/p>\n<p><a href=\"https:\/\/www.rfv-huenfeld.de\/wp\/wp-content\/uploads\/2012\/08\/Gruppe-Gesamt-Jugendcup2013-1103131.jpg\"><img loading=\"lazy\" decoding=\"async\" class=\"alignleft size-medium wp-image-937\" src=\"https:\/\/www.rfv-huenfeld.de\/wp\/wp-content\/uploads\/2012\/08\/Gruppe-Gesamt-Jugendcup2013-1103131-300x198.jpg\" alt=\"Gruppe-Gesamt-Jugendcup2013-1103131\" width=\"300\" height=\"198\" srcset=\"https:\/\/www.rfv-huenfeld.de\/wp\/wp-content\/uploads\/2012\/08\/Gruppe-Gesamt-Jugendcup2013-1103131-300x198.jpg 300w, https:\/\/www.rfv-huenfeld.de\/wp\/wp-content\/uploads\/2012\/08\/Gruppe-Gesamt-Jugendcup2013-1103131-1024x678.jpg 1024w, https:\/\/www.rfv-huenfeld.de\/wp\/wp-content\/uploads\/2012\/08\/Gruppe-Gesamt-Jugendcup2013-1103131.jpg 1988w\" sizes=\"auto, (max-width: 300px) 100vw, 300px\" \/><\/a><\/p>\n<p>&nbsp;<\/p>\n<p>&nbsp;<\/p>\n<p>&nbsp;<\/p>\n<p>&nbsp;<\/p>\n<p>&nbsp;<\/p>\n<p>&nbsp;<\/p>\n<p>&nbsp;<\/p>\n<p>&nbsp;<\/p>\n<p>&nbsp;<\/p>\n<p><span style=\"text-decoration: underline;\">22. &#8211; 24.02.2013 Dressurlehrgang mit Peter Fil\u00df<\/span><\/p>\n<p>Vom 22. bis 24. Februar 2013 richtete der RFV H\u00fcnfeld in seiner Reitanlage am Haselsee einen Dressurlehrgang mit Peter Fil\u00df aus.<\/p>\n<p>Peter Fil\u00df aus dem th\u00fcringischen Tabarz ist bekannt als Turnierrichter und konnte bereits im Vorjahr mit seinem Dressurlehrgang, verbunden mit einer Trainerfortbildung in H\u00fcnfeld begeistern. Der Einladung des Vereins waren dementsprechend viele Pferdesportler aus allen Leistungs- und Altersklassen gefolgt, um sich von Peter Fil\u00df wertvolle Tipps und Anregungen f\u00fcr die kommende Turniersaison geben zu lassen.<\/p>\n<p><em>Die Teilnehmer waren:<\/em><\/p>\n<p>Bettina Hau, Kristina Baier, Larissa Adolf, Miriam Kirsten, Christine Tillmann, Jana und Laura Malkmus, Jennifer Kriegelstein, Ann-Kathrin Dietz, Maja Hessberger, Victoria Wilhelm, Naomi Gl\u00fcck, Marilena Juling, Ulrike Hahner und Judith Wei\u00df.<\/p>\n<p>&nbsp;<\/p>\n<p><span style=\"text-decoration: underline;\"><span style=\"color: #000000; text-decoration: underline;\">01.01.2013 Sprung ins Neue Jahr 2013<\/span><\/span><\/p>\n<p>Der Reit- und Fahrverein H\u00fcnfeld lie\u00df am 01.01.2013 die alte Tradition des Neujahrssprunges wieder aufleben. So fanden sich die Einstaller zusammen, um unter der Regie von Christian Laufer mit Ihren Pferden das neue Jahr zu begr\u00fc\u00dfen.<\/p>\n<p>In einer gemischten Gruppe von Kindern, Jugendlichen und erwachsenen Turniersportlern wurden hier die Stangen in jeder Runde nach den einzelnen M\u00f6glichkeiten h\u00f6h<\/p>\n","protected":false},"excerpt":{"rendered":"<p>29.12.2013 Film &#8222;Preisverleihung &#8222;Bestes hessisches Schulpferdekonzet&#8220; Die Firma &#8222;Studio Brink&#8220; aus VS-Villingen (www.horsevideos.de) hat uns die Genehmigung erteilt, dass Video der Preisverleigung auf unserer Homepage online zu stellen. Daf\u00fcr recht herzlichen Dank. Das Video ist Urheberrechtlich gesch\u00fctzt und darf nicht kommerziell genutzt werden. Auch das Herunterladen und das Verteilen des Videos ist nicht gestattet. Hier &hellip; <a href=\"https:\/\/www.rfv-huenfeld.de\/wp\/?page_id=759\" class=\"more-link\"><span class=\"screen-reader-text\">Berichte 2013<\/span> weiterlesen <span class=\"meta-nav\">&rarr;<\/span><\/a><\/p>\n","protected":false},"author":2,"featured_media":0,"parent":32,"menu_order":2,"comment_status":"closed","ping_status":"closed","template":"template-onecolumn.php","meta":{"_crdt_document":"","footnotes":""},"class_list":["post-759","page","type-page","status-publish","hentry"],"_links":{"self":[{"href":"https:\/\/www.rfv-huenfeld.de\/wp\/index.php?rest_route=\/wp\/v2\/pages\/759","targetHints":{"allow":["GET"]}}],"collection":[{"href":"https:\/\/www.rfv-huenfeld.de\/wp\/index.php?rest_route=\/wp\/v2\/pages"}],"about":[{"href":"https:\/\/www.rfv-huenfeld.de\/wp\/index.php?rest_route=\/wp\/v2\/types\/page"}],"author":[{"embeddable":true,"href":"https:\/\/www.rfv-huenfeld.de\/wp\/index.php?rest_route=\/wp\/v2\/users\/2"}],"replies":[{"embeddable":true,"href":"https:\/\/www.rfv-huenfeld.de\/wp\/index.php?rest_route=%2Fwp%2Fv2%2Fcomments&post=759"}],"version-history":[{"count":86,"href":"https:\/\/www.rfv-huenfeld.de\/wp\/index.php?rest_route=\/wp\/v2\/pages\/759\/revisions"}],"predecessor-version":[{"id":1775,"href":"https:\/\/www.rfv-huenfeld.de\/wp\/index.php?rest_route=\/wp\/v2\/pages\/759\/revisions\/1775"}],"up":[{"embeddable":true,"href":"https:\/\/www.rfv-huenfeld.de\/wp\/index.php?rest_route=\/wp\/v2\/pages\/32"}],"wp:attachment":[{"href":"https:\/\/www.rfv-huenfeld.de\/wp\/index.php?rest_route=%2Fwp%2Fv2%2Fmedia&parent=759"}],"curies":[{"name":"wp","href":"https:\/\/api.w.org\/{rel}","templated":true}]}}